{"id":44495,"date":"2007-04-11T12:12:16","date_gmt":"2007-04-11T10:12:16","guid":{"rendered":"http:\/\/www.libraria-occitana.org\/?post_type=product&#038;p=44495"},"modified":"2026-04-29T10:07:12","modified_gmt":"2026-04-29T08:07:12","slug":"lepopee-cathare-3-le-lys-et-la-croix-1216-1229","status":"publish","type":"product","link":"https:\/\/www.libraria-occitana.org\/oc\/produch\/lepopee-cathare-3-le-lys-et-la-croix-1216-1229\/","title":{"rendered":"L&#8217;\u00e9pop\u00e9e cathare : 3. Le lys et la croix 1216-1229"},"content":{"rendered":"<p>Le troisi\u00e8me des cinq volumes en poche de <em>L&#8217;\u00e9pop\u00e9e cathare<\/em>, l&#8217;ouvrage de r\u00e9f\u00e9rence sur le sujet par le sp\u00e9cialiste incontest\u00e9.<\/p>\n<p>Lorsqu&#8217;en avril 1216 Simon de Montfort fait hommage de ses conqu\u00eates au roi Philippe Auguste, la croisade contre les cathares semble achev\u00e9e. En fait, c&#8217;est le d\u00e9but d&#8217;une nouvelle lutte entre la l\u00e9galit\u00e9 du \u00ab seigneur postiche \u00bb install\u00e9 par la force, et la l\u00e9gitimit\u00e9 du \u00ab comte naturel \u00bb Raymond VI de Toulouse, alors en fuite.<br \/>\nMassacres, b\u00fbchers, batailles n&#8217;ont pas r\u00e9solu la question cathare : l&#8217;autorit\u00e9 du roi de France sur Toulouse, l&#8217;autorit\u00e9 religieuse de Rome sur les pays \u00ab h\u00e9r\u00e9tiques \u00bb. Ce tome raconte le r\u00e9tablissement inesp\u00e9r\u00e9 op\u00e9r\u00e9 par les Occitans sous la banni\u00e8re de Raymond VII mais aussi la \u00ab croisade royale \u00bb qui finit par sanctionner irr\u00e9m\u00e9diablement sa d\u00e9faite, et pr\u00e9para l&#8217;annexion du Languedoc au domaine cap\u00e9tien.<\/p>\n<p><a href=\"http:\/\/www.libraria-occitana.org\/produit\/lepopee-cathare-1-linvasion-1198-1212\/\"><em>L\u2019\u00e9pop\u00e9e cathare : 1. L\u2019invasion 1198-1212<\/em><\/a><br \/>\n<a href=\"http:\/\/www.libraria-occitana.org\/produit\/lepopee-cathare-2-muret-ou-la-depossession-1213-1216\/\"><em>L\u2019\u00e9pop\u00e9e cathare : 2. Muret ou la d\u00e9possession 1213-1216<\/em><\/a><br \/>\n<a href=\"http:\/\/www.libraria-occitana.org\/produit\/lepopee-cathare-4-mourir-a-montsegur-1230-1244\/\"><em>L\u2019\u00e9pop\u00e9e cathare : 4. Mourir \u00e0 Monts\u00e9gur 1230-1244<\/em><\/a><br \/>\n<a href=\"http:\/\/www.libraria-occitana.org\/produit\/lepopee-cathare-5-la-fin-des-amis-de-dieu-1244-1321\/\"><em>L\u2019\u00e9pop\u00e9e cathare : 5. La fin des Amis de Dieu 1244-1321<\/em><\/a><\/p>\n","protected":false},"excerpt":{"rendered":"<p>Le troisi\u00e8me des cinq volumes en poche de L&#8217;\u00e9pop\u00e9e cathare, l&#8217;ouvrage de r\u00e9f\u00e9rence sur le sujet par le sp\u00e9cialiste incontest\u00e9. Lorsqu&#8217;en avril 1216 Simon de Montfort fait hommage de ses conqu\u00eates au roi Philippe Auguste, la croisade contre les cathares semble achev\u00e9e. En fait, c&#8217;est le d\u00e9but d&#8217;une nouvelle lutte entre la l\u00e9galit\u00e9 du \u00ab [&hellip;]<\/p>\n","protected":false},"featured_media":46139,"template":"","meta":{"_acf_changed":false,"_genesis_hide_title":false,"_genesis_hide_breadcrumbs":false,"_genesis_hide_singular_image":false,"_genesis_hide_footer_widgets":false,"_genesis_custom_body_class":"","_genesis_custom_post_class":"","_genesis_layout":""},"product_brand":[],"product_cat":[7161,7149,7133],"product_tag":[],"class_list":{"0":"post-44495","1":"product","2":"type-product","3":"status-publish","4":"has-post-thumbnail","6":"product_cat-istoria-medievala-oc","7":"product_cat-istoria-geografia-oc","8":"product_cat-libres-oc","9":"pa_auteur-roquebert-michel-oc","10":"pa_editeur-perrin-oc","11":"pa_langue-francais-oc","12":"entry","14":"first","15":"outofstock","16":"shipping-taxable","17":"purchasable","18":"product-type-simple"},"acf":[],"_links":{"self":[{"href":"https:\/\/www.libraria-occitana.org\/oc\/wp-json\/wp\/v2\/product\/44495","targetHints":{"allow":["GET"]}}],"collection":[{"href":"https:\/\/www.libraria-occitana.org\/oc\/wp-json\/wp\/v2\/product"}],"about":[{"href":"https:\/\/www.libraria-occitana.org\/oc\/wp-json\/wp\/v2\/types\/product"}],"wp:featuredmedia":[{"embeddable":true,"href":"https:\/\/www.libraria-occitana.org\/oc\/wp-json\/wp\/v2\/media\/46139"}],"wp:attachment":[{"href":"https:\/\/www.libraria-occitana.org\/oc\/wp-json\/wp\/v2\/media?parent=44495"}],"wp:term":[{"taxonomy":"product_brand","embeddable":true,"href":"https:\/\/www.libraria-occitana.org\/oc\/wp-json\/wp\/v2\/product_brand?post=44495"},{"taxonomy":"product_cat","embeddable":true,"href":"https:\/\/www.libraria-occitana.org\/oc\/wp-json\/wp\/v2\/product_cat?post=44495"},{"taxonomy":"product_tag","embeddable":true,"href":"https:\/\/www.libraria-occitana.org\/oc\/wp-json\/wp\/v2\/product_tag?post=44495"}],"curies":[{"name":"wp","href":"https:\/\/api.w.org\/{rel}","templated":true}]}}