{"id":44676,"date":"2019-03-18T20:55:48","date_gmt":"2019-03-18T19:55:48","guid":{"rendered":"http:\/\/www.libraria-occitana.org\/?post_type=product&#038;p=44676"},"modified":"2026-04-29T01:01:08","modified_gmt":"2026-04-28T23:01:08","slug":"autres-chroniques-de-creuse","status":"publish","type":"product","link":"https:\/\/www.libraria-occitana.org\/oc\/produch\/autres-chroniques-de-creuse\/","title":{"rendered":"Autres chroniques de Creuse"},"content":{"rendered":"<p>Voici des contes et des l\u00e9gendes, des po\u00e8mes et des fables, des dits et des proverbes, des anecdotes singuli\u00e8res, le tout illustr\u00e9 de dessins sans pareils. Les textes ont \u00e9t\u00e9 r\u00e9dig\u00e9s par Bernard Blot, \u00e9crivain, po\u00e8te et conteur ; les \u0153uvres graphiques ont \u00e9t\u00e9 cr\u00e9\u00e9es par Alain Freytet, paysagiste et illustrateur de talent. Ces deux comp\u00e8res que lient, depuis plusieurs lustres, une profonde et fid\u00e8le amiti\u00e9, une connivence de sensibilit\u00e9 et de go\u00fbt pour la nature et un attachement visc\u00e9ral \u00e0 la Creuse, r\u00e9alisent, depuis une quinzaine d\u2019ann\u00e9es, un calendrier litt\u00e9raire : ils en ont choisi six pour ce livre. Ainsi nous invitent-ils, partageant les petits bonheurs et les grandes joies de leurs d\u00e9ambulations coutumi\u00e8res, \u00e0 la d\u00e9couverte d\u2019un d\u00e9partement particuli\u00e8rement attachant et que ses paysages, ses anciens chemins d\u2019usage, son histoire, son patrimoine et la qualit\u00e9 de ses habitants font inoubliable.<\/p>\n<p><a href=\"http:\/\/www.libraria-occitana.org\/produit\/chroniques-de-creuse\/\"><em>Chroniques de Creuse<\/em><\/a><\/p>\n","protected":false},"excerpt":{"rendered":"<p>Voici des contes et des l\u00e9gendes, des po\u00e8mes et des fables, des dits et des proverbes, des anecdotes singuli\u00e8res, le tout illustr\u00e9 de dessins sans pareils. Les textes ont \u00e9t\u00e9 r\u00e9dig\u00e9s par Bernard Blot, \u00e9crivain, po\u00e8te et conteur ; les \u0153uvres graphiques ont \u00e9t\u00e9 cr\u00e9\u00e9es par Alain Freytet, paysagiste et illustrateur de talent. Ces deux [&hellip;]<\/p>\n","protected":false},"featured_media":44673,"template":"","meta":{"_acf_changed":false,"_genesis_hide_title":false,"_genesis_hide_breadcrumbs":false,"_genesis_hide_singular_image":false,"_genesis_hide_footer_widgets":false,"_genesis_custom_body_class":"","_genesis_custom_post_class":"","_genesis_layout":""},"product_brand":[],"product_cat":[7133,7175,7183],"product_tag":[],"class_list":{"0":"post-44676","1":"product","2":"type-product","3":"status-publish","4":"has-post-thumbnail","6":"product_cat-libres-oc","7":"product_cat-literatura-oc","8":"product_cat-romans-novelas-oc","9":"pa_auteur-blot-bernard-oc","10":"pa_auteur-freytet-alain-fr-oc","11":"pa_editeur-les-ardents-editeurs-oc","12":"pa_langue-francais-oc","13":"entry","15":"first","16":"outofstock","17":"shipping-taxable","18":"purchasable","19":"product-type-simple"},"acf":[],"_links":{"self":[{"href":"https:\/\/www.libraria-occitana.org\/oc\/wp-json\/wp\/v2\/product\/44676","targetHints":{"allow":["GET"]}}],"collection":[{"href":"https:\/\/www.libraria-occitana.org\/oc\/wp-json\/wp\/v2\/product"}],"about":[{"href":"https:\/\/www.libraria-occitana.org\/oc\/wp-json\/wp\/v2\/types\/product"}],"wp:featuredmedia":[{"embeddable":true,"href":"https:\/\/www.libraria-occitana.org\/oc\/wp-json\/wp\/v2\/media\/44673"}],"wp:attachment":[{"href":"https:\/\/www.libraria-occitana.org\/oc\/wp-json\/wp\/v2\/media?parent=44676"}],"wp:term":[{"taxonomy":"product_brand","embeddable":true,"href":"https:\/\/www.libraria-occitana.org\/oc\/wp-json\/wp\/v2\/product_brand?post=44676"},{"taxonomy":"product_cat","embeddable":true,"href":"https:\/\/www.libraria-occitana.org\/oc\/wp-json\/wp\/v2\/product_cat?post=44676"},{"taxonomy":"product_tag","embeddable":true,"href":"https:\/\/www.libraria-occitana.org\/oc\/wp-json\/wp\/v2\/product_tag?post=44676"}],"curies":[{"name":"wp","href":"https:\/\/api.w.org\/{rel}","templated":true}]}}