{"id":44684,"date":"2019-04-18T21:11:17","date_gmt":"2019-04-18T19:11:17","guid":{"rendered":"http:\/\/www.libraria-occitana.org\/product\/pierre-seche-un-savoir-faire-contemporain\/"},"modified":"2026-04-29T10:37:17","modified_gmt":"2026-04-29T08:37:17","slug":"pierre-seche-un-savoir-faire-contemporain","status":"publish","type":"product","link":"https:\/\/www.libraria-occitana.org\/oc\/produch\/pierre-seche-un-savoir-faire-contemporain\/","title":{"rendered":"Pierre s\u00e8che : Un savoir-faire contemporain"},"content":{"rendered":"<p>\u00ab Un passionnant retour en arri\u00e8re, une fine analyse du pr\u00e9sent, des perspectives d\u2019avenir, voil\u00e0 ce que nous propose cette nouvelle et riche contribution \u00e0 la pierre s\u00e8che et \u00e0 son d\u00e9veloppement \u00bb, pr\u00e9cise Marc Dombre (ABPS) dans sa pr\u00e9face. En effet, ce livre donne \u00e0 voir l\u2019extraordinaire monde de la pierre s\u00e8che issue des techniques mill\u00e9naires. Longtemps l\u2019apanage de l\u2019agriculture paysanne, la pierre s\u00e8che a conquis tous les continents. Un temps oubli\u00e9e au profit de mat\u00e9riaux \u00ab modernes \u00bb, elle est aujourd\u2019hui red\u00e9couverte\u2005: la reconnaissance de ses qualit\u00e9s \u2013\u2002intrins\u00e8ques, patrimoniales et environnementales \u2013\u2002suscite un spectaculaire engouement de la part du grand public et des collectivit\u00e9s. Par ailleurs, la prise en compte du paysage et de la n\u00e9cessit\u00e9 de retrouver les savoir-faire pour en respecter l\u2019essence permet \u00e0 la pierre s\u00e8che de se renouveler. Au-del\u00e0 des pratiques et des gestes que se sont r\u00e9appropri\u00e9s les artisans b\u00e2tisseurs, cet ouvrage explique et montre le cadre historique, ethnologique, symbolique et po\u00e9tique. Car on ne comprend et on ne travaille la pierre s\u00e8che qu\u2019avec cette vision globale.<\/p>\n","protected":false},"excerpt":{"rendered":"<p>\u00ab Un passionnant retour en arri\u00e8re, une fine analyse du pr\u00e9sent, des perspectives d\u2019avenir, voil\u00e0 ce que nous propose cette nouvelle et riche contribution \u00e0 la pierre s\u00e8che et \u00e0 son d\u00e9veloppement \u00bb, pr\u00e9cise Marc Dombre (ABPS) dans sa pr\u00e9face. En effet, ce livre donne \u00e0 voir l\u2019extraordinaire monde de la pierre s\u00e8che issue des [&hellip;]<\/p>\n","protected":false},"featured_media":44682,"template":"","meta":{"_acf_changed":false,"_genesis_hide_title":false,"_genesis_hide_breadcrumbs":false,"_genesis_hide_singular_image":false,"_genesis_hide_footer_widgets":false,"_genesis_custom_body_class":"","_genesis_custom_post_class":"","_genesis_layout":""},"product_brand":[],"product_cat":[7133,7213,7207],"product_tag":[],"class_list":{"0":"post-44684","1":"product","2":"type-product","3":"status-publish","4":"has-post-thumbnail","6":"product_cat-libres-oc","7":"product_cat-metiers-saubre-far-oc","8":"product_cat-tradicions-patrimoni-oc","9":"pa_auteur-farinelli-bernard-oc","10":"pa_editeur-lucien-souny-oc","11":"pa_langue-francais-oc","12":"entry","14":"first","15":"outofstock","16":"shipping-taxable","17":"purchasable","18":"product-type-simple"},"acf":[],"_links":{"self":[{"href":"https:\/\/www.libraria-occitana.org\/oc\/wp-json\/wp\/v2\/product\/44684","targetHints":{"allow":["GET"]}}],"collection":[{"href":"https:\/\/www.libraria-occitana.org\/oc\/wp-json\/wp\/v2\/product"}],"about":[{"href":"https:\/\/www.libraria-occitana.org\/oc\/wp-json\/wp\/v2\/types\/product"}],"wp:featuredmedia":[{"embeddable":true,"href":"https:\/\/www.libraria-occitana.org\/oc\/wp-json\/wp\/v2\/media\/44682"}],"wp:attachment":[{"href":"https:\/\/www.libraria-occitana.org\/oc\/wp-json\/wp\/v2\/media?parent=44684"}],"wp:term":[{"taxonomy":"product_brand","embeddable":true,"href":"https:\/\/www.libraria-occitana.org\/oc\/wp-json\/wp\/v2\/product_brand?post=44684"},{"taxonomy":"product_cat","embeddable":true,"href":"https:\/\/www.libraria-occitana.org\/oc\/wp-json\/wp\/v2\/product_cat?post=44684"},{"taxonomy":"product_tag","embeddable":true,"href":"https:\/\/www.libraria-occitana.org\/oc\/wp-json\/wp\/v2\/product_tag?post=44684"}],"curies":[{"name":"wp","href":"https:\/\/api.w.org\/{rel}","templated":true}]}}