{"id":45034,"date":"2000-09-26T14:18:59","date_gmt":"2000-09-26T12:18:59","guid":{"rendered":"http:\/\/www.libraria-occitana.org\/?post_type=product&#038;p=45034"},"modified":"2026-04-29T10:54:08","modified_gmt":"2026-04-29T08:54:08","slug":"lou-faust-paisan","status":"publish","type":"product","link":"https:\/\/www.libraria-occitana.org\/oc\/produch\/lou-faust-paisan\/","title":{"rendered":"Lou Faust pa\u00efsan"},"content":{"rendered":"<p><strong>Faust, personnage universel, ici se fait paysan \u00e0 Chantemerle-les-Bl\u00e9s. Une adaptation d&#8217;\u00c9loi Abert dans le parler occitan local.<\/strong><\/p>\n<p><em>Lou Faust Pa\u00efsan<\/em> est l&#8217;un des principaux morceaux (1156 vers) de l&#8217;importante \u0153uvre \u00e9crite par \u00c9loi Abert (1848-1914) en occitan de Chantemerle-les-Bl\u00e9s, petit village du canton de Tain l&#8217;Hermitage du nord de la Dr\u00f4me. R\u00e9dig\u00e9e dans la continuit\u00e9 du <em>Faust<\/em> germanique, cette pi\u00e8ce pr\u00e9sente l&#8217;histoire d&#8217;un mis\u00e9rable paysan local qui vend son \u00e2me au diable pour obtenir, en retour, la jeunesse, la richesse, le vin et les femmes. Conform\u00e9ment \u00e0 la tradition, elle se termine par la victoire du Ciel sur l&#8217;Enfer. Mais ici, c&#8217;est Dieu lui-m\u00eame qui vient arracher le h\u00e9ros des griffes du diable.<br \/>\nL&#8217;\u00e9dition de cette pi\u00e8ce, qui pr\u00e9sente un r\u00e9el int\u00e9r\u00eat sur le plan linguistique et litt\u00e9raire, est accompagn\u00e9e d&#8217;une traduction et d&#8217;une transcription en graphie occitane classique.<\/p>\n","protected":false},"excerpt":{"rendered":"<p>Faust, personnage universel, ici se fait paysan \u00e0 Chantemerle-les-Bl\u00e9s. Une adaptation d&#8217;\u00c9loi Abert dans le parler occitan local. Lou Faust Pa\u00efsan est l&#8217;un des principaux morceaux (1156 vers) de l&#8217;importante \u0153uvre \u00e9crite par \u00c9loi Abert (1848-1914) en occitan de Chantemerle-les-Bl\u00e9s, petit village du canton de Tain l&#8217;Hermitage du nord de la Dr\u00f4me. R\u00e9dig\u00e9e dans la [&hellip;]<\/p>\n","protected":false},"featured_media":45037,"template":"","meta":{"_acf_changed":false,"_genesis_hide_title":false,"_genesis_hide_breadcrumbs":false,"_genesis_hide_singular_image":false,"_genesis_hide_footer_widgets":false,"_genesis_custom_body_class":"","_genesis_custom_post_class":"","_genesis_layout":""},"product_brand":[],"product_cat":[7133,7175,7185],"product_tag":[],"class_list":{"0":"post-45034","1":"product","2":"type-product","3":"status-publish","4":"has-post-thumbnail","6":"product_cat-libres-oc","7":"product_cat-literatura-oc","8":"product_cat-teatre-oc","9":"pa_auteur-abert-eloi-oc","10":"pa_editeur-jean-pierre-huguet-oc","11":"pa_illustrateur-berthouze-pascale-oc","12":"pa_illustrateur-frechet-claudine-oc","13":"pa_langue-occitan-vivaroaupenc-oc","14":"pa_langue-occitan-francais-oc","15":"entry","17":"first","18":"outofstock","19":"shipping-taxable","20":"purchasable","21":"product-type-simple"},"acf":[],"_links":{"self":[{"href":"https:\/\/www.libraria-occitana.org\/oc\/wp-json\/wp\/v2\/product\/45034","targetHints":{"allow":["GET"]}}],"collection":[{"href":"https:\/\/www.libraria-occitana.org\/oc\/wp-json\/wp\/v2\/product"}],"about":[{"href":"https:\/\/www.libraria-occitana.org\/oc\/wp-json\/wp\/v2\/types\/product"}],"wp:featuredmedia":[{"embeddable":true,"href":"https:\/\/www.libraria-occitana.org\/oc\/wp-json\/wp\/v2\/media\/45037"}],"wp:attachment":[{"href":"https:\/\/www.libraria-occitana.org\/oc\/wp-json\/wp\/v2\/media?parent=45034"}],"wp:term":[{"taxonomy":"product_brand","embeddable":true,"href":"https:\/\/www.libraria-occitana.org\/oc\/wp-json\/wp\/v2\/product_brand?post=45034"},{"taxonomy":"product_cat","embeddable":true,"href":"https:\/\/www.libraria-occitana.org\/oc\/wp-json\/wp\/v2\/product_cat?post=45034"},{"taxonomy":"product_tag","embeddable":true,"href":"https:\/\/www.libraria-occitana.org\/oc\/wp-json\/wp\/v2\/product_tag?post=45034"}],"curies":[{"name":"wp","href":"https:\/\/api.w.org\/{rel}","templated":true}]}}