{"id":45335,"date":"2019-02-11T12:50:17","date_gmt":"2019-02-11T11:50:17","guid":{"rendered":"http:\/\/www.libraria-occitana.org\/?post_type=product&#038;p=45335"},"modified":"2026-04-29T07:06:56","modified_gmt":"2026-04-29T05:06:56","slug":"les-cahiers-des-migrants-creusois-dans-la-commune-de-paris-1871-n1","status":"publish","type":"product","link":"https:\/\/www.libraria-occitana.org\/oc\/produch\/les-cahiers-des-migrants-creusois-dans-la-commune-de-paris-1871-n1\/","title":{"rendered":"Les cahiers des migrants creusois dans la Commune de Paris 1871 \/ N\u00b01"},"content":{"rendered":"<p>R\u00e9alisation \u00ab Les Amies et Amis de la Commune de Paris\u20131871, comit\u00e9 local de la Creuse \u00bb.<br \/>\nBeaucoup d&#8217;entre nous, jeunes et moins jeunes, n&#8217;ont presque jamais entendu durant leurs \u00e9tudes parler de la Commune de Paris (72 jours pour b\u00e2tir un nouveau monde !). D&#8217;une mani\u00e8re g\u00e9n\u00e9rale il n&#8217;existe que peu de documentaires (livres ou films) et tr\u00e8s peu de fictions (livres ou films) se d\u00e9roulent pendant cette p\u00e9riode. Ph\u00e9nom\u00e8ne facile \u00e0 comprendre \u00e0 la lecture de ce que la Commune pr\u00e9voyait de mettre en place.<\/p>\n","protected":false},"excerpt":{"rendered":"<p>R\u00e9alisation \u00ab Les Amies et Amis de la Commune de Paris\u20131871, comit\u00e9 local de la Creuse \u00bb. Beaucoup d&#8217;entre nous, jeunes et moins jeunes, n&#8217;ont presque jamais entendu durant leurs \u00e9tudes parler de la Commune de Paris (72 jours pour b\u00e2tir un nouveau monde !). D&#8217;une mani\u00e8re g\u00e9n\u00e9rale il n&#8217;existe que peu de documentaires (livres [&hellip;]<\/p>\n","protected":false},"featured_media":45329,"template":"","meta":{"_acf_changed":false,"_genesis_hide_title":false,"_genesis_hide_breadcrumbs":false,"_genesis_hide_singular_image":false,"_genesis_hide_footer_widgets":false,"_genesis_custom_body_class":"","_genesis_custom_post_class":"","_genesis_layout":""},"product_brand":[],"product_cat":[],"product_tag":[],"class_list":{"0":"post-45335","1":"product","2":"type-product","3":"status-publish","4":"has-post-thumbnail","6":"pa_auteur-collectiu-oc-2","7":"pa_editeur-editions-ateliers-et-vie-aux-coudercs-oc","8":"pa_langue-francais-oc","9":"entry","11":"first","12":"outofstock","13":"shipping-taxable","14":"purchasable","15":"product-type-simple"},"acf":[],"_links":{"self":[{"href":"https:\/\/www.libraria-occitana.org\/oc\/wp-json\/wp\/v2\/product\/45335","targetHints":{"allow":["GET"]}}],"collection":[{"href":"https:\/\/www.libraria-occitana.org\/oc\/wp-json\/wp\/v2\/product"}],"about":[{"href":"https:\/\/www.libraria-occitana.org\/oc\/wp-json\/wp\/v2\/types\/product"}],"wp:featuredmedia":[{"embeddable":true,"href":"https:\/\/www.libraria-occitana.org\/oc\/wp-json\/wp\/v2\/media\/45329"}],"wp:attachment":[{"href":"https:\/\/www.libraria-occitana.org\/oc\/wp-json\/wp\/v2\/media?parent=45335"}],"wp:term":[{"taxonomy":"product_brand","embeddable":true,"href":"https:\/\/www.libraria-occitana.org\/oc\/wp-json\/wp\/v2\/product_brand?post=45335"},{"taxonomy":"product_cat","embeddable":true,"href":"https:\/\/www.libraria-occitana.org\/oc\/wp-json\/wp\/v2\/product_cat?post=45335"},{"taxonomy":"product_tag","embeddable":true,"href":"https:\/\/www.libraria-occitana.org\/oc\/wp-json\/wp\/v2\/product_tag?post=45335"}],"curies":[{"name":"wp","href":"https:\/\/api.w.org\/{rel}","templated":true}]}}