{"id":45927,"date":"2018-11-11T11:18:55","date_gmt":"2018-11-11T10:18:55","guid":{"rendered":"http:\/\/www.libraria-occitana.org\/product\/cachavielha-psicomotritz\/"},"modified":"2026-04-29T10:43:17","modified_gmt":"2026-04-29T08:43:17","slug":"cachavielha-psicomotritz","status":"publish","type":"product","link":"https:\/\/www.libraria-occitana.org\/oc\/produch\/cachavielha-psicomotritz\/","title":{"rendered":"Cachavi\u00e8lha psicomotritz"},"content":{"rendered":"<blockquote><p>[...] Mai que mai, quin sola\u00e7 de constatar qu\u2019i avi\u00e1 pas cap de punt comun entre la situacion occitana presenta (que, c\u00e8rtas, me p\u00f2t preocupar de c\u00f2ps, al punt que n\u2019ai l\u2019apet\u00eds trebolat), e la d\u2019aquesta pietadosa Eterotopia, d\u2019aquestes infortunats eterotopians, negats, alienats, divisats, tra\u00efts, incapables de trabalhar amassa e efica\u00e7ament per poder viure autrament que jos la f\u00f2rma d\u2019un marrit espectacle e lor cultura e lor lenga. [...]<\/p><\/blockquote>\n<p>\u00ab <em>Cachavi\u00e8lha psicomotritz<\/em> constitu\u00eds la tresena partida d'un triptic, amb lo <a href=\"http:\/\/www.libraria-occitana.org\/oc\/produch\/jrdindelasdelicias-com\/\"><em>J@rdindelasdelicias.com<\/em><\/a>, e <a href=\"http:\/\/www.libraria-occitana.org\/produit\/la-nau-dels-fols\/\"><em>La Nau dels f\u00f2ls<\/em><\/a>. Es un assag d'exploracion (a palpas) de qualques caracteristicas primordialas de la question occitana, tala coma se presenta u\u00e8i.<br \/>\nMas es subretot un roman, e tot i es fals, evidentament. La Vila (qu'exist\u00eds sens existir), l'ep\u00f2ca (2035... en principi), l'encastre e lo dec\u00f2r (manlevats a la literatura o a las mitologias en cors), los personatges (los qu'auri\u00e1n lo marrit gost de se recon\u00e9isser, auri\u00e1n t\u00f2rt)... Per quant a la problematica centrala... es sense import\u00e0ncia, a pr\u00f2va : degun se n'entr\u00e8va ! Per l'estetica, es mai vesin, saique, de Bosch que de Proust, de Monty Python que de Patrick Modiano. Los amators de Granda Literatura me perdonar\u00e0n, se v\u00f2lon.<br \/>\nLo raconte es tractat en f\u00f2rma de <em>thriller<\/em> (aproximatiu), d'analisi sociologica (de marrida fe), d'intriga politica (censadament), de ling\u00fcistica (ficcionala), de satira (ironica), de critica (acompanhada d'autoderision). Finala, se consider\u00e8sse coma un escapol de roman picaresc, ne seri\u00e1i del tot consent. E es un t\u00e8xte que (coma totes !) seri\u00e1 pas res sens la collaboracion amistosa del lector. \u00bb<\/p>\n","protected":false},"excerpt":{"rendered":"<p>[&#8230;] Mai que mai, quin sola\u00e7 de constatar qu\u2019i avi\u00e1 pas cap de punt comun entre la situacion occitana presenta (que, c\u00e8rtas, me p\u00f2t preocupar de c\u00f2ps, al punt que n\u2019ai l\u2019apet\u00eds trebolat), e la d\u2019aquesta pietadosa Eterotopia, d\u2019aquestes infortunats eterotopians, negats, alienats, divisats, tra\u00efts, incapables de trabalhar amassa e efica\u00e7ament per poder viure autrament [&hellip;]<\/p>\n","protected":false},"featured_media":45925,"template":"","meta":{"_acf_changed":false,"_genesis_hide_title":false,"_genesis_hide_breadcrumbs":false,"_genesis_hide_singular_image":false,"_genesis_hide_footer_widgets":false,"_genesis_custom_body_class":"","_genesis_custom_post_class":"","_genesis_layout":""},"product_brand":[],"product_cat":[7133,7175,7183],"product_tag":[],"class_list":{"0":"post-45927","1":"product","2":"type-product","3":"status-publish","4":"has-post-thumbnail","6":"product_cat-libres-oc","7":"product_cat-literatura-oc","8":"product_cat-romans-novelas-oc","9":"pa_auteur-vernet-florian-oc","10":"pa_editeur-ieo-fr-oc","11":"pa_langue-occitan-oc","12":"pa_langue-occitan-lengadocian-oc","13":"entry","15":"first","16":"outofstock","17":"shipping-taxable","18":"purchasable","19":"product-type-simple"},"acf":[],"_links":{"self":[{"href":"https:\/\/www.libraria-occitana.org\/oc\/wp-json\/wp\/v2\/product\/45927","targetHints":{"allow":["GET"]}}],"collection":[{"href":"https:\/\/www.libraria-occitana.org\/oc\/wp-json\/wp\/v2\/product"}],"about":[{"href":"https:\/\/www.libraria-occitana.org\/oc\/wp-json\/wp\/v2\/types\/product"}],"wp:featuredmedia":[{"embeddable":true,"href":"https:\/\/www.libraria-occitana.org\/oc\/wp-json\/wp\/v2\/media\/45925"}],"wp:attachment":[{"href":"https:\/\/www.libraria-occitana.org\/oc\/wp-json\/wp\/v2\/media?parent=45927"}],"wp:term":[{"taxonomy":"product_brand","embeddable":true,"href":"https:\/\/www.libraria-occitana.org\/oc\/wp-json\/wp\/v2\/product_brand?post=45927"},{"taxonomy":"product_cat","embeddable":true,"href":"https:\/\/www.libraria-occitana.org\/oc\/wp-json\/wp\/v2\/product_cat?post=45927"},{"taxonomy":"product_tag","embeddable":true,"href":"https:\/\/www.libraria-occitana.org\/oc\/wp-json\/wp\/v2\/product_tag?post=45927"}],"curies":[{"name":"wp","href":"https:\/\/api.w.org\/{rel}","templated":true}]}}