{"id":46764,"date":"2019-10-13T12:16:25","date_gmt":"2019-10-13T10:16:25","guid":{"rendered":"http:\/\/www.libraria-occitana.org\/product\/les-metiers-qui-tuent-enquete-aupres-des-syndicats-ouvriers\/"},"modified":"2026-04-26T06:46:36","modified_gmt":"2026-04-26T04:46:36","slug":"les-metiers-qui-tuent-enquete-aupres-des-syndicats-ouvriers","status":"publish","type":"product","link":"https:\/\/www.libraria-occitana.org\/oc\/produch\/les-metiers-qui-tuent-enquete-aupres-des-syndicats-ouvriers\/","title":{"rendered":"Les m\u00e9tiers qui tuent : Enqu\u00eate aupr\u00e8s des syndicats ouvriers"},"content":{"rendered":"<p>Au d\u00e9but du XXe si\u00e8cle, L\u00e9on et Maurice Bonneff, deux fr\u00e8res unis dans un combat acharn\u00e9 contre toutes les injustices sociales, avec comme armes leurs plumes et leur force d\u2019investigation, ont r\u00e9v\u00e9l\u00e9 au grand public, parmi les faces cach\u00e9es de la \u00ab\u2009Belle \u00c9poque\u2009\u00bb, l\u2019exploitation \u00e9hont\u00e9e des travailleurs, leur exposition aux produits toxiques. En dix ans, ils ont publi\u00e9 pr\u00e8s de 400 articles et quatre livres, dont <em>Les m\u00e9tiers qui tuent<\/em> fut le premier, enrichi ici de vingt articles parus dans <em>L\u2019Humanit\u00e9<\/em> et <em>Les Hommes du jour<\/em>, les deux journaux qui furent les principales bases d\u2019action de leur courte carri\u00e8re\u2009: ils furent tu\u00e9s, \u00e0 32 et 30 ans, au d\u00e9but de la Grande Guerre. La mission qu\u2019ils s\u2019\u00e9taient donn\u00e9e a fait d\u2019eux, plus que des journalistes d\u2019enqu\u00eate, des militants du courant syndicaliste r\u00e9volutionnaire, alors si actif et si efficace avec la cr\u00e9ation des Bourses du travail et le d\u00e9veloppement de la CGT. Au-del\u00e0 de leur apport \u00e0 la lutte contre les aberrations du syst\u00e8me de production, ils particip\u00e8rent pleinement \u00e0 la volont\u00e9 de r\u00e9novation g\u00e9n\u00e9rale de la soci\u00e9t\u00e9. Il est important de rappeler leur combat en un temps, le n\u00f4tre, o\u00f9 d\u2019autres combats viennent faire \u00e9cho \u00e0 ceux qu\u2019ils men\u00e8rent avec une d\u00e9termination sans faille voici cent vingt ans.<\/p>\n","protected":false},"excerpt":{"rendered":"<p>Au d\u00e9but du XXe si\u00e8cle, L\u00e9on et Maurice Bonneff, deux fr\u00e8res unis dans un combat acharn\u00e9 contre toutes les injustices sociales, avec comme armes leurs plumes et leur force d\u2019investigation, ont r\u00e9v\u00e9l\u00e9 au grand public, parmi les faces cach\u00e9es de la \u00ab\u2009Belle \u00c9poque\u2009\u00bb, l\u2019exploitation \u00e9hont\u00e9e des travailleurs, leur exposition aux produits toxiques. En dix ans, [&hellip;]<\/p>\n","protected":false},"featured_media":46743,"template":"","meta":{"_acf_changed":false,"_genesis_hide_title":false,"_genesis_hide_breadcrumbs":false,"_genesis_hide_singular_image":false,"_genesis_hide_footer_widgets":false,"_genesis_custom_body_class":"","_genesis_custom_post_class":"","_genesis_layout":""},"product_brand":[],"product_cat":[7133,7203],"product_tag":[],"class_list":{"0":"post-46764","1":"product","2":"type-product","3":"status-publish","4":"has-post-thumbnail","6":"product_cat-libres-oc","7":"product_cat-politica-sociologia-actualitat-oc","8":"pa_auteur-bonneff-leon-oc","9":"pa_auteur-bonneff-maurice-oc","10":"pa_editeur-plein-chant-oc","11":"pa_langue-francais-oc","12":"entry","14":"first","15":"instock","16":"shipping-taxable","17":"purchasable","18":"product-type-simple"},"acf":[],"_links":{"self":[{"href":"https:\/\/www.libraria-occitana.org\/oc\/wp-json\/wp\/v2\/product\/46764","targetHints":{"allow":["GET"]}}],"collection":[{"href":"https:\/\/www.libraria-occitana.org\/oc\/wp-json\/wp\/v2\/product"}],"about":[{"href":"https:\/\/www.libraria-occitana.org\/oc\/wp-json\/wp\/v2\/types\/product"}],"wp:featuredmedia":[{"embeddable":true,"href":"https:\/\/www.libraria-occitana.org\/oc\/wp-json\/wp\/v2\/media\/46743"}],"wp:attachment":[{"href":"https:\/\/www.libraria-occitana.org\/oc\/wp-json\/wp\/v2\/media?parent=46764"}],"wp:term":[{"taxonomy":"product_brand","embeddable":true,"href":"https:\/\/www.libraria-occitana.org\/oc\/wp-json\/wp\/v2\/product_brand?post=46764"},{"taxonomy":"product_cat","embeddable":true,"href":"https:\/\/www.libraria-occitana.org\/oc\/wp-json\/wp\/v2\/product_cat?post=46764"},{"taxonomy":"product_tag","embeddable":true,"href":"https:\/\/www.libraria-occitana.org\/oc\/wp-json\/wp\/v2\/product_tag?post=46764"}],"curies":[{"name":"wp","href":"https:\/\/api.w.org\/{rel}","templated":true}]}}