{"id":46809,"date":"2016-03-15T12:18:55","date_gmt":"2016-03-15T11:18:55","guid":{"rendered":"http:\/\/www.libraria-occitana.org\/?post_type=product&#038;p=46809"},"modified":"2026-04-29T10:27:41","modified_gmt":"2026-04-29T08:27:41","slug":"mes-origines-memoires-et-recits","status":"publish","type":"product","link":"https:\/\/www.libraria-occitana.org\/oc\/produch\/mes-origines-memoires-et-recits\/","title":{"rendered":"Mes origines : M\u00e9moires et r\u00e9cits"},"content":{"rendered":"<p>Fr\u00e9d\u00e9ric Mistral (1830-1914), n\u00e9 \u00e0 Maillane, dans les Alpilles, est l\u2019une des figures embl\u00e9matiques de la culture proven\u00e7ale. Auteur du c\u00e9l\u00e8bre <em>Mir\u00e8io\/Mireille<\/em> et d\u2019un dictionnaire encyclop\u00e9dique proven\u00e7al-fran\u00e7ais, il a fond\u00e9 un mus\u00e9e des arts et traditions populaires de Provence et de Camargue \u2013 le Museon Arlaten d\u2019Arles \u2013 et cr\u00e9\u00e9, avec six de ses amis, un v\u00e9ritable r\u00e9seau associatif pour d\u00e9fendre la langue et la culture d\u2019oc : le F\u00e9librige.<\/p>\n<p>Fr\u00e9d\u00e9ric Mistral est un vieil homme de soixante-quinze ans quand il se d\u00e9cide \u00e0 \u00e9crire ses <em>M\u00e9moires<\/em>. Nimb\u00e9 de l\u2019aura r\u00e9cente de son prix Nobel de litt\u00e9rature (1904), il entend \u00e0 la fois perp\u00e9tuer sa l\u00e9gende et c\u00e9l\u00e9brer une culture populaire. Souvenirs d\u2019enfance, contes na\u00effs et fables \u00e9difiantes se m\u00ealent ainsi dans <em>Mes origines<\/em> (1906) pour donner l\u2019image d\u2019un Midi ensoleill\u00e9 et g\u00e9n\u00e9reux. En restituant la vie du monde rural m\u00e9ridional sous la monarchie de Juillet, et sous le Second Empire, Mistral rappelle que l\u2019identit\u00e9 r\u00e9gionale n\u2019est pas seulement vue de politicien ou r\u00eave d\u2019homme de lettres inspir\u00e9, mais une r\u00e9alit\u00e9 nourrie d\u2019histoire, d\u2019art, de litt\u00e9rature, de traditions.<\/p>\n<p>Autobiographie, t\u00e9moignage d\u2019une vie d\u2019engagement, <em>Mes origines<\/em> est aussi et surtout la c\u00e9l\u00e9bration d\u2019une Provence natale tant aim\u00e9e, pass\u00e9e gr\u00e2ce \u00e0 l\u2019auteur \u00e0 l\u2019\u00e9tat de l\u00e9gende \u00e9ternelle.<\/p>\n<p>Pr\u00e9face, notes et dossier de Martine Reid.<\/p>\n","protected":false},"excerpt":{"rendered":"<p>Fr\u00e9d\u00e9ric Mistral (1830-1914), n\u00e9 \u00e0 Maillane, dans les Alpilles, est l\u2019une des figures embl\u00e9matiques de la culture proven\u00e7ale. Auteur du c\u00e9l\u00e8bre Mir\u00e8io\/Mireille et d\u2019un dictionnaire encyclop\u00e9dique proven\u00e7al-fran\u00e7ais, il a fond\u00e9 un mus\u00e9e des arts et traditions populaires de Provence et de Camargue \u2013 le Museon Arlaten d\u2019Arles \u2013 et cr\u00e9\u00e9, avec six de ses amis, [&hellip;]<\/p>\n","protected":false},"featured_media":46812,"template":"","meta":{"_acf_changed":false,"_genesis_hide_title":false,"_genesis_hide_breadcrumbs":false,"_genesis_hide_singular_image":false,"_genesis_hide_footer_widgets":false,"_genesis_custom_body_class":"","_genesis_custom_post_class":"","_genesis_layout":""},"product_brand":[],"product_cat":[7133,7175,7187],"product_tag":[],"class_list":{"0":"post-46809","1":"product","2":"type-product","3":"status-publish","4":"has-post-thumbnail","6":"product_cat-libres-oc","7":"product_cat-literatura-oc","8":"product_cat-temonhatges-memoris-oc","9":"pa_auteur-mistral-frederic-oc","10":"pa_editeur-actes-sud-oc","11":"pa_illustrateur-reid-martine-oc","12":"pa_langue-francais-oc","13":"entry","15":"first","16":"instock","17":"shipping-taxable","18":"purchasable","19":"product-type-simple"},"acf":[],"_links":{"self":[{"href":"https:\/\/www.libraria-occitana.org\/oc\/wp-json\/wp\/v2\/product\/46809","targetHints":{"allow":["GET"]}}],"collection":[{"href":"https:\/\/www.libraria-occitana.org\/oc\/wp-json\/wp\/v2\/product"}],"about":[{"href":"https:\/\/www.libraria-occitana.org\/oc\/wp-json\/wp\/v2\/types\/product"}],"wp:featuredmedia":[{"embeddable":true,"href":"https:\/\/www.libraria-occitana.org\/oc\/wp-json\/wp\/v2\/media\/46812"}],"wp:attachment":[{"href":"https:\/\/www.libraria-occitana.org\/oc\/wp-json\/wp\/v2\/media?parent=46809"}],"wp:term":[{"taxonomy":"product_brand","embeddable":true,"href":"https:\/\/www.libraria-occitana.org\/oc\/wp-json\/wp\/v2\/product_brand?post=46809"},{"taxonomy":"product_cat","embeddable":true,"href":"https:\/\/www.libraria-occitana.org\/oc\/wp-json\/wp\/v2\/product_cat?post=46809"},{"taxonomy":"product_tag","embeddable":true,"href":"https:\/\/www.libraria-occitana.org\/oc\/wp-json\/wp\/v2\/product_tag?post=46809"}],"curies":[{"name":"wp","href":"https:\/\/api.w.org\/{rel}","templated":true}]}}