{"id":52599,"date":"2020-10-02T19:46:17","date_gmt":"2020-10-02T17:46:17","guid":{"rendered":"http:\/\/www.libraria-occitana.org\/product\/paraulas-de-hemnas\/"},"modified":"2026-04-29T10:54:59","modified_gmt":"2026-04-29T08:54:59","slug":"paraulas-de-hemnas","status":"publish","type":"product","link":"https:\/\/www.libraria-occitana.org\/oc\/produch\/paraulas-de-hemnas\/","title":{"rendered":"Paraulas de hemnas"},"content":{"rendered":"<p>Livre bilingue occitan-fran\u00e7ais (et trilingue avec italien pour la partie Valadas Occitanas) pr\u00e9sentant des po\u00e9sies de 36 po\u00e9tesses et chansonni\u00e8res occitanes contemporaines de toutes les r\u00e9gions (Auvergne, Gascogne, Languedoc, Limousin, Provence, Valadas Occitanas).<\/p>\n<p>Le livre d\u00e9voile le regard de femmes d&#8217;oc sur le pays, la famille, l&#8217;amour et la vie d&#8217;aujourd&#8217;hui. Les expressions, les styles, les sensibilit\u00e9s allant de la tendresse au coup de gueule, sont d&#8217;une pluralit\u00e9 et d&#8217;une richesse inou\u00efe.<\/p>\n<p><strong>Les autrices :<\/strong><\/p>\n<p>Adriana Abello &#8211; Lucia Abello &#8211; Soreta Allard &#8211; Lou Pet\u00ect Aus\u00e8th &#8211; Marilena Beltramo &#8211; Silvia Berger &#8211; Magal\u00ed Bizot Dargent &#8211; Benedicta Bonnet &#8211; Nadina Borg\u00e9s &#8211; Ter\u00e8sa Canet &#8211; Estello Ceccarini &#8211; Cecila Chapduelh &#8211; Amy Cros &#8211; Daniela Dao Ormena &#8211; Domenja Decamps &#8211; Francesca Dud\u00f2nhon &#8211; T\u00f2ni Escala &#8211; Dani\u00e8la Est\u00e8be Hoursiangou &#8211; Mayo Feugas &#8211; Genevi\u00e8va Gallego &#8211; Tiziana Gallian &#8211; Jos\u00ed Guilh\u00f2t &#8211; Caterina Giusiano &#8211; Lisa Gr\u00f2s &#8211; Nic\u00f2la Laporte &#8211; Aureli\u00e0 Lassaca &#8211; Sara Lauren\u00e7 Zurawczak &#8211; Emiliana Lavigne &#8211; Olga Martino &#8211; Marineta Mazoyer &#8211; Brigita Miremont Orazio &#8211; Tresi\u00e0 Pambrun &#8211; Tiziana Raina &#8211; Caterina Ramonda &#8211; Liliana Zand &#8211; Zine<\/p>\n<p>Coordination : Paulina Kamakine<\/p>\n<p>Avant-propos : Anne-Pierre Darr\u00e9es<\/p>\n","protected":false},"excerpt":{"rendered":"<p>Livre bilingue occitan-fran\u00e7ais (et trilingue avec italien pour la partie Valadas Occitanas) pr\u00e9sentant des po\u00e9sies de 36 po\u00e9tesses et chansonni\u00e8res occitanes contemporaines de toutes les r\u00e9gions (Auvergne, Gascogne, Languedoc, Limousin, Provence, Valadas Occitanas). Le livre d\u00e9voile le regard de femmes d&#8217;oc sur le pays, la famille, l&#8217;amour et la vie d&#8217;aujourd&#8217;hui. Les expressions, les styles, [&hellip;]<\/p>\n","protected":false},"featured_media":52597,"template":"","meta":{"_acf_changed":false,"_genesis_hide_title":false,"_genesis_hide_breadcrumbs":false,"_genesis_hide_singular_image":false,"_genesis_hide_footer_widgets":false,"_genesis_custom_body_class":"","_genesis_custom_post_class":"","_genesis_layout":""},"product_brand":[],"product_cat":[7133,7175,7181],"product_tag":[],"class_list":{"0":"post-52599","1":"product","2":"type-product","3":"status-publish","4":"has-post-thumbnail","6":"product_cat-libres-oc","7":"product_cat-literatura-oc","8":"product_cat-poesia-oc","9":"pa_auteur-collectiu-oc-2","10":"pa_auteur-kamakine-paulina-oc","11":"pa_editeur-reclams-oc","12":"pa_langue-occitan-auvernhat-oc","13":"pa_langue-occitan-gascon-oc","14":"pa_langue-occitan-lemosin-oc","15":"pa_langue-occitan-lengadocian-oc","16":"pa_langue-occitan-provencau-oc","17":"pa_langue-occitan-vivaroaupenc-oc","18":"pa_langue-occitan-francais-oc","19":"entry","21":"first","22":"outofstock","23":"shipping-taxable","24":"purchasable","25":"product-type-simple"},"acf":[],"_links":{"self":[{"href":"https:\/\/www.libraria-occitana.org\/oc\/wp-json\/wp\/v2\/product\/52599","targetHints":{"allow":["GET"]}}],"collection":[{"href":"https:\/\/www.libraria-occitana.org\/oc\/wp-json\/wp\/v2\/product"}],"about":[{"href":"https:\/\/www.libraria-occitana.org\/oc\/wp-json\/wp\/v2\/types\/product"}],"wp:featuredmedia":[{"embeddable":true,"href":"https:\/\/www.libraria-occitana.org\/oc\/wp-json\/wp\/v2\/media\/52597"}],"wp:attachment":[{"href":"https:\/\/www.libraria-occitana.org\/oc\/wp-json\/wp\/v2\/media?parent=52599"}],"wp:term":[{"taxonomy":"product_brand","embeddable":true,"href":"https:\/\/www.libraria-occitana.org\/oc\/wp-json\/wp\/v2\/product_brand?post=52599"},{"taxonomy":"product_cat","embeddable":true,"href":"https:\/\/www.libraria-occitana.org\/oc\/wp-json\/wp\/v2\/product_cat?post=52599"},{"taxonomy":"product_tag","embeddable":true,"href":"https:\/\/www.libraria-occitana.org\/oc\/wp-json\/wp\/v2\/product_tag?post=52599"}],"curies":[{"name":"wp","href":"https:\/\/api.w.org\/{rel}","templated":true}]}}