{"id":54013,"date":"2021-03-31T17:25:16","date_gmt":"2021-03-31T15:25:16","guid":{"rendered":"http:\/\/www.libraria-occitana.org\/product\/histoire-de-la-croix-occitane-croix-de-toulouse-croix-de-provence-croix-du-languedoc\/"},"modified":"2026-04-25T07:56:19","modified_gmt":"2026-04-25T05:56:19","slug":"histoire-de-la-croix-occitane-croix-de-toulouse-croix-de-provence-croix-du-languedoc","status":"publish","type":"product","link":"https:\/\/www.libraria-occitana.org\/oc\/produch\/histoire-de-la-croix-occitane-croix-de-toulouse-croix-de-provence-croix-du-languedoc\/","title":{"rendered":"Histoire de la croix occitane : Croix de Toulouse, croix de Provence, croix du Languedoc"},"content":{"rendered":"<p>L\u2019autor s\u2019apeva sus de pr\u00f2bas : figuras pintradas o gravada, sag\u00e8ls, monedas, t\u00e8xtes. Lo libre desvol\u00f2pa una progression cronologica \u00e7\u00f2 mai compl\u00e8ta possibla. Presenta d\u2019obj\u00e8ctes d\u2019abans lo cristianisme e dels primi\u00e8rs s\u00e8gles de n\u00f2stra \u00e8ra que prefiguran aquesta crotz.<\/p>\n<p>Balha una documentacion precisa sus sa creacion que se data del mi\u00e8g del s\u00e8gle XII. L\u2019autor ten compte del trabalh dels cercaires del s\u00e8gle XXI ; parla de las nombrosas ipot\u00e8sis presentadas per div\u00e8rses istorians al cors del s\u00e8gle vint, ipot\u00e8sis sovent contradict\u00f2rias entre elas mas discuta de lor pertin\u00e9ncia. En seguida de Henri Rolland, Herv\u00e9 Aliquot, L\u00e9on J\u00e9quier, Jens Christian Moesgaard, Laurent Mac\u00e9\u2026, ramp\u00e8la que las primi\u00e8iras creacions se son tengudas en Proven\u00e7a amb lo jove Raimond V, comte de Tolosa marqu\u00e9s de Proven\u00e7a. Un cinquantenat de paginas del libre p\u00f2rtan sus l\u2019\u00e8st d\u2019Occit\u00e0nia : Proven\u00e7a, Pa\u00eds ni\u00e7ard, sud del Daufinat, vals d\u2019It\u00e0lia. Pro l\u00e8u, aquesta figura es estada presenta dins lo Tolosan. Segon los lu\u00f2cs e las datas, se ditz crotz de Tolosa, de Proven\u00e7a, de Venasca, de Forcauquier, del Lengad\u00f2c, e u\u00e8i, crotz occitana.<\/p>\n<p>L\u2019obratge m\u00f2stra la pres\u00e9ncia d\u2019aqueste embl\u00e8ma, d\u2019aqueste simb\u00f2l, en Occit\u00e0nia, en It\u00e0lia, dins la Peninsula iberica e dins d\u2019autras regions del mond.<br \/>\nConten dos-cent-cinquanta illustracions en negre e blanc o en color. La presentacion de figuras que ramp\u00e8lan la crotz occitana s\u2019espand\u00eds sus cinc mila ans.<\/p>\n","protected":false},"excerpt":{"rendered":"<p>L\u2019autor s\u2019apeva sus de pr\u00f2bas : figuras pintradas o gravada, sag\u00e8ls, monedas, t\u00e8xtes. Lo libre desvol\u00f2pa una progression cronologica \u00e7\u00f2 mai compl\u00e8ta possibla. Presenta d\u2019obj\u00e8ctes d\u2019abans lo cristianisme e dels primi\u00e8rs s\u00e8gles de n\u00f2stra \u00e8ra que prefiguran aquesta crotz. Balha una documentacion precisa sus sa creacion que se data del mi\u00e8g del s\u00e8gle XII. L\u2019autor [&hellip;]<\/p>\n","protected":false},"featured_media":54016,"template":"","meta":{"_acf_changed":false,"_genesis_hide_title":false,"_genesis_hide_breadcrumbs":false,"_genesis_hide_singular_image":false,"_genesis_hide_footer_widgets":false,"_genesis_custom_body_class":"","_genesis_custom_post_class":"","_genesis_layout":""},"product_brand":[],"product_cat":[7157,7149,7133],"product_tag":[],"class_list":{"0":"post-54013","1":"product","2":"type-product","3":"status-publish","4":"has-post-thumbnail","6":"product_cat-istoria-generala-oc","7":"product_cat-istoria-geografia-oc","8":"product_cat-libres-oc","9":"pa_auteur-ginouillac-raymond-oc","10":"pa_editeur-ieo-tarn-oc","11":"pa_langue-francais-oc","12":"entry","14":"first","15":"outofstock","16":"shipping-taxable","17":"purchasable","18":"product-type-simple"},"acf":[],"_links":{"self":[{"href":"https:\/\/www.libraria-occitana.org\/oc\/wp-json\/wp\/v2\/product\/54013","targetHints":{"allow":["GET"]}}],"collection":[{"href":"https:\/\/www.libraria-occitana.org\/oc\/wp-json\/wp\/v2\/product"}],"about":[{"href":"https:\/\/www.libraria-occitana.org\/oc\/wp-json\/wp\/v2\/types\/product"}],"wp:featuredmedia":[{"embeddable":true,"href":"https:\/\/www.libraria-occitana.org\/oc\/wp-json\/wp\/v2\/media\/54016"}],"wp:attachment":[{"href":"https:\/\/www.libraria-occitana.org\/oc\/wp-json\/wp\/v2\/media?parent=54013"}],"wp:term":[{"taxonomy":"product_brand","embeddable":true,"href":"https:\/\/www.libraria-occitana.org\/oc\/wp-json\/wp\/v2\/product_brand?post=54013"},{"taxonomy":"product_cat","embeddable":true,"href":"https:\/\/www.libraria-occitana.org\/oc\/wp-json\/wp\/v2\/product_cat?post=54013"},{"taxonomy":"product_tag","embeddable":true,"href":"https:\/\/www.libraria-occitana.org\/oc\/wp-json\/wp\/v2\/product_tag?post=54013"}],"curies":[{"name":"wp","href":"https:\/\/api.w.org\/{rel}","templated":true}]}}