{"id":54342,"date":"2006-12-16T18:09:08","date_gmt":"2006-12-16T17:09:08","guid":{"rendered":"http:\/\/www.libraria-occitana.org\/product\/precis-doccitan-et-de-catalan\/"},"modified":"2026-04-29T06:26:42","modified_gmt":"2026-04-29T04:26:42","slug":"precis-doccitan-et-de-catalan","status":"publish","type":"product","link":"https:\/\/www.libraria-occitana.org\/oc\/produch\/precis-doccitan-et-de-catalan\/","title":{"rendered":"Pr\u00e9cis d&#8217;occitan et de catalan"},"content":{"rendered":"<p>Cet ouvrage est destin\u00e9 \u00e0 faire mieux conna\u00eetre les deux langues r\u00e9gionales pr\u00e9sentes dans l\u2019acad\u00e9mie de Montpellier, l\u2019occitan et le catalan.<br \/>\nLa collaboration de sp\u00e9cialistes de diff\u00e9rents domaines a permis d\u2019aborder ces langues dans leurs aspects historique, g\u00e9ographique, linguistique et sociolinguistique.<br \/>\nLes deux langues, situ\u00e9es dans leurs espaces historiques, n\u2019ont pas \u00e9t\u00e9 trait\u00e9es s\u00e9par\u00e9ment, mais selon une approche r\u00e9solument comparatiste. En effet, le catalan et l\u2019occitan sont deux langues proches, unies par une tr\u00e8s ancienne parent\u00e9. Dans la famille des langues romanes, elles sont issues d\u2019une m\u00eame souche, d\u2019un tronc commun qui se scinde en se d\u00e9veloppant au fil des si\u00e8cles.<\/p>\n","protected":false},"excerpt":{"rendered":"<p>Cet ouvrage est destin\u00e9 \u00e0 faire mieux conna\u00eetre les deux langues r\u00e9gionales pr\u00e9sentes dans l\u2019acad\u00e9mie de Montpellier, l\u2019occitan et le catalan. La collaboration de sp\u00e9cialistes de diff\u00e9rents domaines a permis d\u2019aborder ces langues dans leurs aspects historique, g\u00e9ographique, linguistique et sociolinguistique. Les deux langues, situ\u00e9es dans leurs espaces historiques, n\u2019ont pas \u00e9t\u00e9 trait\u00e9es s\u00e9par\u00e9ment, mais [&hellip;]<\/p>\n","protected":false},"featured_media":54340,"template":"","meta":{"_acf_changed":false,"_genesis_hide_title":false,"_genesis_hide_breadcrumbs":false,"_genesis_hide_singular_image":false,"_genesis_hide_footer_widgets":false,"_genesis_custom_body_class":"","_genesis_custom_post_class":"","_genesis_layout":""},"product_brand":[],"product_cat":[7137,7133,7141],"product_tag":[],"class_list":{"0":"post-54342","1":"product","2":"type-product","3":"status-publish","4":"has-post-thumbnail","6":"product_cat-diccionaris-lenga-escolar-oc","7":"product_cat-libres-oc","8":"product_cat-linguistica-oc","9":"pa_auteur-collectiu-oc-2","10":"pa_auteur-nique-christian-oc","11":"pa_editeur-crdp-montpellier-fr-oc","12":"pa_langue-francais-oc","13":"entry","15":"first","16":"outofstock","17":"shipping-taxable","18":"purchasable","19":"product-type-simple"},"acf":[],"_links":{"self":[{"href":"https:\/\/www.libraria-occitana.org\/oc\/wp-json\/wp\/v2\/product\/54342","targetHints":{"allow":["GET"]}}],"collection":[{"href":"https:\/\/www.libraria-occitana.org\/oc\/wp-json\/wp\/v2\/product"}],"about":[{"href":"https:\/\/www.libraria-occitana.org\/oc\/wp-json\/wp\/v2\/types\/product"}],"wp:featuredmedia":[{"embeddable":true,"href":"https:\/\/www.libraria-occitana.org\/oc\/wp-json\/wp\/v2\/media\/54340"}],"wp:attachment":[{"href":"https:\/\/www.libraria-occitana.org\/oc\/wp-json\/wp\/v2\/media?parent=54342"}],"wp:term":[{"taxonomy":"product_brand","embeddable":true,"href":"https:\/\/www.libraria-occitana.org\/oc\/wp-json\/wp\/v2\/product_brand?post=54342"},{"taxonomy":"product_cat","embeddable":true,"href":"https:\/\/www.libraria-occitana.org\/oc\/wp-json\/wp\/v2\/product_cat?post=54342"},{"taxonomy":"product_tag","embeddable":true,"href":"https:\/\/www.libraria-occitana.org\/oc\/wp-json\/wp\/v2\/product_tag?post=54342"}],"curies":[{"name":"wp","href":"https:\/\/api.w.org\/{rel}","templated":true}]}}