{"id":54468,"date":"2021-04-14T10:57:13","date_gmt":"2021-04-14T08:57:13","guid":{"rendered":"http:\/\/www.libraria-occitana.org\/product\/larriu-deu-denvers-tome-1-tomec\/"},"modified":"2026-04-25T23:41:40","modified_gmt":"2026-04-25T21:41:40","slug":"larriu-deu-denvers-tome-1-tomec","status":"publish","type":"product","link":"https:\/\/www.libraria-occitana.org\/oc\/produch\/larriu-deu-denvers-tome-1-tomec\/","title":{"rendered":"L&#8217;arriu deu denv\u00e8rs T\u00f2me 1 &#8211; Tom\u00e8c"},"content":{"rendered":"<p>Tom\u00e8c, un orfanin de 13 ans, que h\u00e8 l\u2019especi\u00e8r deu vilatge. Un ser, ua gojata qu\u2019entra a la botiga e que\u2019u demanda se ven \u00ab aiga de l\u2019arriu Qjar \u00bb.<\/p>\n<p>\u00ab Qu\u2019ei l\u2019aiga qui empacha de morir \u00bb, ce\u2019u ditz.<\/p>\n<p>Atau que comen\u00e7a, tau gojat\u00f2t, un viatge immense qui\u2019u va miar t\u00e0 la Seuva deu Desbromb, tau vilatge deus Perhumaires, sus l\u2019isla Inexistenta\u2026<\/p>\n<p>Arribar\u00e0 a tornar trobar Hannah, a l\u2019aute cap deu monde, aquiu on cola, deu denv\u00e8rs, aqueth arriu fabul\u00f3s ?<\/p>\n<p>Un libe taus adolescents e preadolescents mes tanben taus adultes.<\/p>\n","protected":false},"excerpt":{"rendered":"<p>Tom\u00e8c, un orfanin de 13 ans, que h\u00e8 l\u2019especi\u00e8r deu vilatge. Un ser, ua gojata qu\u2019entra a la botiga e que\u2019u demanda se ven \u00ab aiga de l\u2019arriu Qjar \u00bb. \u00ab Qu\u2019ei l\u2019aiga qui empacha de morir \u00bb, ce\u2019u ditz. Atau que comen\u00e7a, tau gojat\u00f2t, un viatge immense qui\u2019u va miar t\u00e0 la Seuva deu [&hellip;]<\/p>\n","protected":false},"featured_media":54463,"template":"","meta":{"_acf_changed":false,"_genesis_hide_title":false,"_genesis_hide_breadcrumbs":false,"_genesis_hide_singular_image":false,"_genesis_hide_footer_widgets":false,"_genesis_custom_body_class":"","_genesis_custom_post_class":"","_genesis_layout":""},"product_brand":[],"product_cat":[7167,7165,7133],"product_tag":[],"class_list":{"0":"post-54468","1":"product","2":"type-product","3":"status-publish","4":"has-post-thumbnail","6":"product_cat-ados-oc","7":"product_cat-jounessa-bd-umor","8":"product_cat-libres-oc","9":"pa_auteur-mourlevat-jean-claude-oc","10":"pa_editeur-per-noste-oc","11":"pa_illustrateur-labandes-claudia-oc","12":"pa_langue-occitan-oc","13":"pa_langue-occitan-gascon-oc","14":"entry","16":"first","17":"outofstock","18":"shipping-taxable","19":"purchasable","20":"product-type-simple"},"acf":[],"_links":{"self":[{"href":"https:\/\/www.libraria-occitana.org\/oc\/wp-json\/wp\/v2\/product\/54468","targetHints":{"allow":["GET"]}}],"collection":[{"href":"https:\/\/www.libraria-occitana.org\/oc\/wp-json\/wp\/v2\/product"}],"about":[{"href":"https:\/\/www.libraria-occitana.org\/oc\/wp-json\/wp\/v2\/types\/product"}],"wp:featuredmedia":[{"embeddable":true,"href":"https:\/\/www.libraria-occitana.org\/oc\/wp-json\/wp\/v2\/media\/54463"}],"wp:attachment":[{"href":"https:\/\/www.libraria-occitana.org\/oc\/wp-json\/wp\/v2\/media?parent=54468"}],"wp:term":[{"taxonomy":"product_brand","embeddable":true,"href":"https:\/\/www.libraria-occitana.org\/oc\/wp-json\/wp\/v2\/product_brand?post=54468"},{"taxonomy":"product_cat","embeddable":true,"href":"https:\/\/www.libraria-occitana.org\/oc\/wp-json\/wp\/v2\/product_cat?post=54468"},{"taxonomy":"product_tag","embeddable":true,"href":"https:\/\/www.libraria-occitana.org\/oc\/wp-json\/wp\/v2\/product_tag?post=54468"}],"curies":[{"name":"wp","href":"https:\/\/api.w.org\/{rel}","templated":true}]}}