{"id":54771,"date":"2020-06-09T14:29:56","date_gmt":"2020-06-09T12:29:56","guid":{"rendered":"http:\/\/www.libraria-occitana.org\/product\/les-revoltes-de-la-courtine-histoire-du-corps-expeditionnaire-russe-en-france\/"},"modified":"2026-04-29T10:28:20","modified_gmt":"2026-04-29T08:28:20","slug":"les-revoltes-de-la-courtine-histoire-du-corps-expeditionnaire-russe-en-france","status":"publish","type":"product","link":"https:\/\/www.libraria-occitana.org\/oc\/produch\/les-revoltes-de-la-courtine-histoire-du-corps-expeditionnaire-russe-en-france\/","title":{"rendered":"Les r\u00e9volt\u00e9s de La Courtine : Histoire du corps exp\u00e9ditionnaire russe en France"},"content":{"rendered":"<p>\u00ab L\u2019histoire du corps exp\u00e9ditionnaire russe se situe \u00e0 la crois\u00e9e de l\u2019histoire des relations franco-russes, des mutineries et de la r\u00e9volution de 1917. Comment la r\u00e9volution a-t-elle pu se frayer un chemin jusque dans les tranch\u00e9es, loin de l\u2019agitation politique de la Russie, apparemment hors de port\u00e9e de la propagande bolch\u00e9vique ? Par quels canaux cette \u201ccontagion\u201d a-t-elle innerv\u00e9 l\u2019ensemble du corps exp\u00e9ditionnaire ? Comment est-on pass\u00e9, d\u2019une \u201ctroupe d\u2019\u00e9lite\u201d dont les hommes et les officiers avaient \u00e9t\u00e9 s\u00e9lectionn\u00e9s avec un soin tout particulier, \u00e0 la plus importante mutinerie survenue sur le front occidental ? \u00bb<\/p>\n<p>En 1915, alors que la guerre s\u2019est enlis\u00e9e, le gouvernement fran\u00e7ais prend la chair \u00e0 canon partout o\u00f9 elle se trouve. L\u2019empire colonial y pourvoit largement, mais c\u2019est encore insuffisant. Paris forme alors le projet de puiser dans les immenses r\u00e9serves d\u2019hommes de l\u2019alli\u00e9 russe, en \u00e9change de quelques livraisons d\u2019armes.<br \/>\nC\u2019est un faible apport militaire, mais un magnifique outil de c\u00e9l\u00e9bration de l\u2019\u00ab amiti\u00e9 franco-russe \u00bb \u2013 jusqu\u2019au moment o\u00f9 la contagion r\u00e9volutionnaire vient briser les r\u00eaves de la propagande. Les deux brigades, arriv\u00e9es en France en 1916, accueillent la nouvelle de la r\u00e9volution de f\u00e9vrier dans le plus grand enthousiasme. La d\u00e9testation du tsar est unanime parmi les hommes. Apr\u00e8s le d\u00e9sastre de l\u2019offensive Nivelle dans laquelle elles sont jet\u00e9es en avril, les brigades se mutinent et exigent leur rapatriement. Elles sont retir\u00e9es du front, intern\u00e9es \u00e0 La Courtine, mais rien n\u2019y fait : l\u2019agitation persiste. Elle sera durement r\u00e9prim\u00e9e.<\/p>\n","protected":false},"excerpt":{"rendered":"<p>\u00ab L\u2019histoire du corps exp\u00e9ditionnaire russe se situe \u00e0 la crois\u00e9e de l\u2019histoire des relations franco-russes, des mutineries et de la r\u00e9volution de 1917. Comment la r\u00e9volution a-t-elle pu se frayer un chemin jusque dans les tranch\u00e9es, loin de l\u2019agitation politique de la Russie, apparemment hors de port\u00e9e de la propagande bolch\u00e9vique ? Par quels [&hellip;]<\/p>\n","protected":false},"featured_media":54769,"template":"","meta":{"_acf_changed":false,"_genesis_hide_title":false,"_genesis_hide_breadcrumbs":false,"_genesis_hide_singular_image":false,"_genesis_hide_footer_widgets":false,"_genesis_custom_body_class":"","_genesis_custom_post_class":"","_genesis_layout":""},"product_brand":[],"product_cat":[7159,7149,7133],"product_tag":[],"class_list":{"0":"post-54771","1":"product","2":"type-product","3":"status-publish","4":"has-post-thumbnail","6":"product_cat-istoria-moderna-e-contemporala-oc","7":"product_cat-istoria-geografia-oc","8":"product_cat-libres-oc","9":"pa_auteur-adam-remi-oc","10":"pa_editeur-agone-oc","11":"pa_langue-francais-oc","12":"entry","14":"first","15":"instock","16":"shipping-taxable","17":"purchasable","18":"product-type-simple"},"acf":[],"_links":{"self":[{"href":"https:\/\/www.libraria-occitana.org\/oc\/wp-json\/wp\/v2\/product\/54771","targetHints":{"allow":["GET"]}}],"collection":[{"href":"https:\/\/www.libraria-occitana.org\/oc\/wp-json\/wp\/v2\/product"}],"about":[{"href":"https:\/\/www.libraria-occitana.org\/oc\/wp-json\/wp\/v2\/types\/product"}],"wp:featuredmedia":[{"embeddable":true,"href":"https:\/\/www.libraria-occitana.org\/oc\/wp-json\/wp\/v2\/media\/54769"}],"wp:attachment":[{"href":"https:\/\/www.libraria-occitana.org\/oc\/wp-json\/wp\/v2\/media?parent=54771"}],"wp:term":[{"taxonomy":"product_brand","embeddable":true,"href":"https:\/\/www.libraria-occitana.org\/oc\/wp-json\/wp\/v2\/product_brand?post=54771"},{"taxonomy":"product_cat","embeddable":true,"href":"https:\/\/www.libraria-occitana.org\/oc\/wp-json\/wp\/v2\/product_cat?post=54771"},{"taxonomy":"product_tag","embeddable":true,"href":"https:\/\/www.libraria-occitana.org\/oc\/wp-json\/wp\/v2\/product_tag?post=54771"}],"curies":[{"name":"wp","href":"https:\/\/api.w.org\/{rel}","templated":true}]}}