{"id":55214,"date":"2021-11-04T18:47:53","date_gmt":"2021-11-04T17:47:53","guid":{"rendered":"http:\/\/www.libraria-occitana.org\/product\/des-energies-qui-soignent-en-montagne-limousine-enquete-collective\/"},"modified":"2026-04-29T11:11:57","modified_gmt":"2026-04-29T09:11:57","slug":"des-energies-qui-soignent-en-montagne-limousine-enquete-collective","status":"publish","type":"product","link":"https:\/\/www.libraria-occitana.org\/oc\/produch\/des-energies-qui-soignent-en-montagne-limousine-enquete-collective\/","title":{"rendered":"Des \u00e9nergies qui soignent en Montagne limousine : Enqu\u00eate collective"},"content":{"rendered":"<p>Qu&#8217;y a-t-il de commun entre une d\u00e9ambulation aux rochers de Clamouzat, des rites chamaniques au son d&#8217;un tambour, un b\u00e2ton de sourcier, une langue et une culture qui r\u00e9sistent, les bonnes fontaines, des discussions sur la terrasse du Magasin g\u00e9n\u00e9ral, une ancienne colonie de vacances EDF dans la for\u00eat et un appel t\u00e9l\u00e9phonique salvateur apr\u00e8s un tir de LBD ?<\/p>\n<p>Un jour d&#8217;automne, carnet et dictaphone en main et bottes aux pieds, un groupe d&#8217;\u00e9l\u00e8ves en \u00e9tudes environnementales et leurs professeurs sont venus sur cette Montagne limousine, r\u00e9put\u00e9e rebelle, \u00e0 la rencontre des hommes et des femmes qui l&#8217;habitent et qu&#8217;elle habite aussi profond\u00e9ment. Ils s&#8217;y sont sentis travers\u00e9s par toutes les \u00e9nergies qui y circulent, depuis la nuit des temps jusqu&#8217;aux r\u00e9centes strates de peuplement n\u00e9o-ruraux, et des liens se sont tiss\u00e9s entre tous ces mondes.<\/p>\n<p>Ce livre rend compte de ce voyage collectif : des t\u00e9moins y racontent leur parcours de soin avec les \u00e9nergies de la terre, des paysages d\u00e9sol\u00e9s invitent \u00e0 les honorer, des rires irr\u00e9pressibles naissent dans les \u00e9glises, des esprits d\u00e9lient les langues et personne ne se perd, parce que de puissantes mains se sont nou\u00e9es les unes aux autres.<\/p>\n<p>Adrien Letellier<br \/>\nAnita<br \/>\nBarbara Glowczewski<br \/>\nGenevi\u00e8ve Pruvost<br \/>\nGuillaume<br \/>\nJan-Mari Caunet<br \/>\nHenry Clauderson Christophe<br \/>\nJeanne Barbier Sorba<br \/>\nEmanu\u00e8le Rielbage<br \/>\n\u00c9milie M\u00e9nard<br \/>\nMarie-France Houdart<br \/>\nNidala Barker<br \/>\nSimon Gorin<br \/>\nSwann Plas<br \/>\nThibaut Terdjanian<\/p>\n","protected":false},"excerpt":{"rendered":"<p>Qu&#8217;y a-t-il de commun entre une d\u00e9ambulation aux rochers de Clamouzat, des rites chamaniques au son d&#8217;un tambour, un b\u00e2ton de sourcier, une langue et une culture qui r\u00e9sistent, les bonnes fontaines, des discussions sur la terrasse du Magasin g\u00e9n\u00e9ral, une ancienne colonie de vacances EDF dans la for\u00eat et un appel t\u00e9l\u00e9phonique salvateur apr\u00e8s [&hellip;]<\/p>\n","protected":false},"featured_media":55212,"template":"","meta":{"_acf_changed":false,"_genesis_hide_title":false,"_genesis_hide_breadcrumbs":false,"_genesis_hide_singular_image":false,"_genesis_hide_footer_widgets":false,"_genesis_custom_body_class":"","_genesis_custom_post_class":"","_genesis_layout":""},"product_brand":[],"product_cat":[7209,7133,7207],"product_tag":[],"class_list":{"0":"post-55214","1":"product","2":"type-product","3":"status-publish","4":"has-post-thumbnail","6":"product_cat-costumas-rites-e-cresencas-oc","7":"product_cat-libres-oc","8":"product_cat-tradicions-patrimoni-oc","9":"pa_auteur-collectiu-oc-2","10":"pa_editeur-maiade-oc","11":"pa_langue-francais-oc","12":"entry","14":"first","15":"instock","16":"shipping-taxable","17":"purchasable","18":"product-type-simple"},"acf":[],"_links":{"self":[{"href":"https:\/\/www.libraria-occitana.org\/oc\/wp-json\/wp\/v2\/product\/55214","targetHints":{"allow":["GET"]}}],"collection":[{"href":"https:\/\/www.libraria-occitana.org\/oc\/wp-json\/wp\/v2\/product"}],"about":[{"href":"https:\/\/www.libraria-occitana.org\/oc\/wp-json\/wp\/v2\/types\/product"}],"wp:featuredmedia":[{"embeddable":true,"href":"https:\/\/www.libraria-occitana.org\/oc\/wp-json\/wp\/v2\/media\/55212"}],"wp:attachment":[{"href":"https:\/\/www.libraria-occitana.org\/oc\/wp-json\/wp\/v2\/media?parent=55214"}],"wp:term":[{"taxonomy":"product_brand","embeddable":true,"href":"https:\/\/www.libraria-occitana.org\/oc\/wp-json\/wp\/v2\/product_brand?post=55214"},{"taxonomy":"product_cat","embeddable":true,"href":"https:\/\/www.libraria-occitana.org\/oc\/wp-json\/wp\/v2\/product_cat?post=55214"},{"taxonomy":"product_tag","embeddable":true,"href":"https:\/\/www.libraria-occitana.org\/oc\/wp-json\/wp\/v2\/product_tag?post=55214"}],"curies":[{"name":"wp","href":"https:\/\/api.w.org\/{rel}","templated":true}]}}