{"id":57023,"date":"2022-10-26T18:22:32","date_gmt":"2022-10-26T16:22:32","guid":{"rendered":"http:\/\/www.libraria-occitana.org\/product\/le-chant-de-montfort-croisade-en-albigeois-lo-cant-de-montfort-crotzada-en-albiges-libre-cd\/"},"modified":"2026-04-29T01:12:05","modified_gmt":"2026-04-28T23:12:05","slug":"le-chant-de-montfort-croisade-en-albigeois-lo-cant-de-montfort-crotzada-en-albiges-libre-cd","status":"publish","type":"product","link":"https:\/\/www.libraria-occitana.org\/oc\/produch\/le-chant-de-montfort-croisade-en-albigeois-lo-cant-de-montfort-crotzada-en-albiges-libre-cd\/","title":{"rendered":"Le Chant de Montfort : Croisade en Albigeois &#8211; Lo Cant de Montfort : Crotzada en Albig\u00e8s (libre + CD)"},"content":{"rendered":"<p>Lecture-spectacle cr\u00e9\u00e9e par Katy Bernard. Musique de et par Luc Lain\u00e9. Voix (occitane et fran\u00e7aise) : Katy Bernard et Matthieu Boisset.<\/p>\n<p>Katy Bernard est ma\u00eetre de conf\u00e9rences d\u2019occitan et m\u00e9di\u00e9viste, Luc Lain\u00e9 est vibraphoniste arrangeur, compositeur et improvisateur, Matthieu Boisset est metteur en sc\u00e8ne, auteur et com\u00e9dien. Ensemble, ils proposent cette lecture musicale ou lecture-spectacle nomm\u00e9e <em>Le Chant de Montfort<\/em>. Cr\u00e9\u00e9 par Katy Bernard et accompagn\u00e9 d\u2019une musique originale contemporaine compos\u00e9e et interpr\u00e9t\u00e9e par Luc Lain\u00e9, <em>Le Chant de Monfort<\/em> est issu, selon la lecture de Katy Bernard, d\u2019un agencement des extraits de la <em>Chanson de la Croisade albigeoise<\/em>, \u0153uvre en langue d\u2019oc du XIIIe si\u00e8cle, qui raconte les causes et les dix premi\u00e8res ann\u00e9es (1209-1219) de la Croisade appel\u00e9e par le pape Innocent III, principalement sur les terres des comtes Raymond de Toulouse et de leurs voisins et vassaux, afin d\u2019\u00e9radiquer l\u2019h\u00e9r\u00e9sie dite cathare. <em>Le Chant de Montfort<\/em> est, telle que l\u2019on peut la lire dans la <em>Chanson<\/em>, l\u2019expression de la folie et de l\u2019avidit\u00e9 du personnage de Simon de Montfort, baron crois\u00e9 devenu le chef de ladite Croisade : <em>Le Chant de Montfort<\/em> est la peinture de sa cruaut\u00e9, le souffle de son agonie, la vision de sa mort survenue \u00e0 Toulouse comme un ch\u00e2timent divin.<\/p>\n<p>Katy Bernard pour la voix occitane, Luc Lain\u00e9 pour la musique et Matthieu Boisset pour la voix fran\u00e7aise font se r\u00e9pondre le texte originel en occitan m\u00e9di\u00e9val, sa traduction fran\u00e7aise et les sons \u00e9lectro- acoustiques du vibraphone augment\u00e9 afin de faire r\u00e9sonner au c\u0153ur de notre \u00e9poque l\u2019oralit\u00e9 po\u00e9tique du texte m\u00e9di\u00e9val, sa th\u00e9\u00e2tralit\u00e9, son t\u00e9moignage historique, dont la force reste inchang\u00e9e<\/p>\n","protected":false},"excerpt":{"rendered":"<p>Lecture-spectacle cr\u00e9\u00e9e par Katy Bernard. Musique de et par Luc Lain\u00e9. Voix (occitane et fran\u00e7aise) : Katy Bernard et Matthieu Boisset. Katy Bernard est ma\u00eetre de conf\u00e9rences d\u2019occitan et m\u00e9di\u00e9viste, Luc Lain\u00e9 est vibraphoniste arrangeur, compositeur et improvisateur, Matthieu Boisset est metteur en sc\u00e8ne, auteur et com\u00e9dien. Ensemble, ils proposent cette lecture musicale ou lecture-spectacle [&hellip;]<\/p>\n","protected":false},"featured_media":56999,"template":"","meta":{"_acf_changed":false,"_genesis_hide_title":false,"_genesis_hide_breadcrumbs":false,"_genesis_hide_singular_image":false,"_genesis_hide_footer_widgets":false,"_genesis_custom_body_class":"","_genesis_custom_post_class":"","_genesis_layout":""},"product_brand":[],"product_cat":[7161,7149,7133,7175,7181],"product_tag":[],"class_list":{"0":"post-57023","1":"product","2":"type-product","3":"status-publish","4":"has-post-thumbnail","6":"product_cat-istoria-medievala-oc","7":"product_cat-istoria-geografia-oc","8":"product_cat-libres-oc","9":"product_cat-literatura-oc","10":"product_cat-poesia-oc","11":"pa_auteur-bernard-katy-oc-2","12":"pa_auteur-boisset-matthieu-oc","13":"pa_auteur-laine-luc-oc","14":"pa_editeur-ieo-perigord-novelum-oc","15":"pa_editeur-presse-federaliste-oc","16":"pa_langue-francais-oc","17":"pa_langue-occitan-oc","18":"pa_langue-occitan-medievau-oc","19":"entry","21":"first","22":"instock","23":"shipping-taxable","24":"purchasable","25":"product-type-simple"},"acf":[],"_links":{"self":[{"href":"https:\/\/www.libraria-occitana.org\/oc\/wp-json\/wp\/v2\/product\/57023","targetHints":{"allow":["GET"]}}],"collection":[{"href":"https:\/\/www.libraria-occitana.org\/oc\/wp-json\/wp\/v2\/product"}],"about":[{"href":"https:\/\/www.libraria-occitana.org\/oc\/wp-json\/wp\/v2\/types\/product"}],"wp:featuredmedia":[{"embeddable":true,"href":"https:\/\/www.libraria-occitana.org\/oc\/wp-json\/wp\/v2\/media\/56999"}],"wp:attachment":[{"href":"https:\/\/www.libraria-occitana.org\/oc\/wp-json\/wp\/v2\/media?parent=57023"}],"wp:term":[{"taxonomy":"product_brand","embeddable":true,"href":"https:\/\/www.libraria-occitana.org\/oc\/wp-json\/wp\/v2\/product_brand?post=57023"},{"taxonomy":"product_cat","embeddable":true,"href":"https:\/\/www.libraria-occitana.org\/oc\/wp-json\/wp\/v2\/product_cat?post=57023"},{"taxonomy":"product_tag","embeddable":true,"href":"https:\/\/www.libraria-occitana.org\/oc\/wp-json\/wp\/v2\/product_tag?post=57023"}],"curies":[{"name":"wp","href":"https:\/\/api.w.org\/{rel}","templated":true}]}}