{"id":57879,"date":"2023-04-17T14:55:39","date_gmt":"2023-04-17T12:55:39","guid":{"rendered":"http:\/\/www.libraria-occitana.org\/product\/la-vie-des-paysans-du-languedoc-au-xixe-siecle\/"},"modified":"2026-04-29T01:51:12","modified_gmt":"2026-04-28T23:51:12","slug":"la-vie-des-paysans-du-languedoc-au-xixe-siecle","status":"publish","type":"product","link":"https:\/\/www.libraria-occitana.org\/oc\/produch\/la-vie-des-paysans-du-languedoc-au-xixe-siecle\/","title":{"rendered":"La vie des paysans du Languedoc au XIXe si\u00e8cle"},"content":{"rendered":"<p>R\u00e9\u00e9dition d&#8217;une \u00e9tude parue pour la premi\u00e8re fois en 1973.<\/p>\n<p>Dans cet ouvrage important de la collection La vie au quotidien, les auteurs Fabre et Lacroix nous proposent une \u00e9tude d\u00e9taill\u00e9e sur l\u2019histoire des paysans du Languedoc en abordant des sujets vari\u00e9s comme : la d\u00e9mographie, le choix du conjoint, l\u2019\u00e9migration, la sexualit\u00e9, l\u2019alimentation, syst\u00e8mes de parent\u00e9, les f\u00eates traditionnelles, la scolarisation et des sujets plus insolites tels que : les go\u00fbts musicaux, la culture orale ou encore la pratique de la sorcellerie, etc. Un texte qui s\u2019int\u00e8gre dans le contexte de forte revendication r\u00e9gionaliste qui existait dans les ann\u00e9es 70.<\/p>\n<p>C\u2019est \u00e0 partir de la r\u00e9alit\u00e9 paysanne d\u2019aujourd\u2019hui qu\u2019ils connaissent par des enqu\u00eates de terrain, men\u00e9es lors de nombreux s\u00e9jours dans les villages languedociens, que les auteurs ont effectu\u00e9 une courte remont\u00e9e dans le temps. Mais, devant les vastes perspectives ouvertes par le projet, il a fallu, d\u00e8s l\u2019abord faire un choix.<\/p>\n<p>R\u00e9duire le Languedoc \u00e0 une unit\u00e9 interne historique ou g\u00e9ographique \u00e9tait une gageure, aussi est-ce une solution neuve qui est propos\u00e9e : cette immense province appara\u00eet comme une Occitanie du centre-sud et l\u2019\u00e9tude n\u2019a de sens que comme \u00e9tape d\u2019une anthropologie g\u00e9n\u00e9rale du peuple occitan.<\/p>\n<p>Sur la base de leurs propres enqu\u00eates, de celles de camarades chercheurs, de rarissimes documents manuscrits (l\u2019autobiographie d\u2019un fils de paysan, la biographie d\u2019un bandit d\u2019honneur, les t\u00e9moignages des premiers instituteurs ruraux, les cahiers de secrets de gu\u00e9risseurs), des travaux de leurs pr\u00e9d\u00e9cesseurs folkloristes, g\u00e9ographes, historiens, les auteurs ont tent\u00e9 de porter sur ce pays et sur cette histoire, un regard ethnologique.<\/p>\n<p>Au terme de l\u2019ouvrage qui appara\u00eet comme une contribution d\u00e9cisive \u00e0 l\u2019\u00e9tude anthropologique du domaine occitan, on voit se d\u00e9gager, \u00e0 travers la soci\u00e9t\u00e9 paysanne languedocienne, les lin\u00e9aments de la personnalit\u00e9 culturelle occitane.<\/p>\n<p>Pr\u00e9face de Jean Guilaine, Professeur \u00e9m\u00e9rite au Coll\u00e8ge de France.<\/p>\n","protected":false},"excerpt":{"rendered":"<p>R\u00e9\u00e9dition d&#8217;une \u00e9tude parue pour la premi\u00e8re fois en 1973. Dans cet ouvrage important de la collection La vie au quotidien, les auteurs Fabre et Lacroix nous proposent une \u00e9tude d\u00e9taill\u00e9e sur l\u2019histoire des paysans du Languedoc en abordant des sujets vari\u00e9s comme : la d\u00e9mographie, le choix du conjoint, l\u2019\u00e9migration, la sexualit\u00e9, l\u2019alimentation, syst\u00e8mes [&hellip;]<\/p>\n","protected":false},"featured_media":57877,"template":"","meta":{"_acf_changed":false,"_genesis_hide_title":false,"_genesis_hide_breadcrumbs":false,"_genesis_hide_singular_image":false,"_genesis_hide_footer_widgets":false,"_genesis_custom_body_class":"","_genesis_custom_post_class":"","_genesis_layout":""},"product_brand":[],"product_cat":[7209,7159,7149,7133,7207],"product_tag":[],"class_list":{"0":"post-57879","1":"product","2":"type-product","3":"status-publish","4":"has-post-thumbnail","6":"product_cat-costumas-rites-e-cresencas-oc","7":"product_cat-istoria-moderna-e-contemporala-oc","8":"product_cat-istoria-geografia-oc","9":"product_cat-libres-oc","10":"product_cat-tradicions-patrimoni-oc","11":"pa_auteur-fabre-daniel-oc","12":"pa_auteur-lacroix-jacques-oc","13":"pa_editeur-cairn-oc","14":"pa_langue-francais-oc","15":"entry","17":"first","18":"instock","19":"shipping-taxable","20":"purchasable","21":"product-type-simple"},"acf":[],"_links":{"self":[{"href":"https:\/\/www.libraria-occitana.org\/oc\/wp-json\/wp\/v2\/product\/57879","targetHints":{"allow":["GET"]}}],"collection":[{"href":"https:\/\/www.libraria-occitana.org\/oc\/wp-json\/wp\/v2\/product"}],"about":[{"href":"https:\/\/www.libraria-occitana.org\/oc\/wp-json\/wp\/v2\/types\/product"}],"wp:featuredmedia":[{"embeddable":true,"href":"https:\/\/www.libraria-occitana.org\/oc\/wp-json\/wp\/v2\/media\/57877"}],"wp:attachment":[{"href":"https:\/\/www.libraria-occitana.org\/oc\/wp-json\/wp\/v2\/media?parent=57879"}],"wp:term":[{"taxonomy":"product_brand","embeddable":true,"href":"https:\/\/www.libraria-occitana.org\/oc\/wp-json\/wp\/v2\/product_brand?post=57879"},{"taxonomy":"product_cat","embeddable":true,"href":"https:\/\/www.libraria-occitana.org\/oc\/wp-json\/wp\/v2\/product_cat?post=57879"},{"taxonomy":"product_tag","embeddable":true,"href":"https:\/\/www.libraria-occitana.org\/oc\/wp-json\/wp\/v2\/product_tag?post=57879"}],"curies":[{"name":"wp","href":"https:\/\/api.w.org\/{rel}","templated":true}]}}