{"id":58042,"date":"2022-07-12T12:24:10","date_gmt":"2022-07-12T10:24:10","guid":{"rendered":"http:\/\/www.libraria-occitana.org\/product\/labbaye-de-solignac-viie-xviiie-siecle-memoires-plurielles-dune-tres-ancienne-fondation\/"},"modified":"2026-04-27T22:27:04","modified_gmt":"2026-04-27T20:27:04","slug":"labbaye-de-solignac-viie-xviiie-siecle-memoires-plurielles-dune-tres-ancienne-fondation","status":"publish","type":"product","link":"https:\/\/www.libraria-occitana.org\/oc\/produch\/labbaye-de-solignac-viie-xviiie-siecle-memoires-plurielles-dune-tres-ancienne-fondation\/","title":{"rendered":"L&#8217;abbaye de Solignac (VIIe-XVIIIe si\u00e8cle) : M\u00e9moires plurielles d&#8217;une tr\u00e8s ancienne fondation"},"content":{"rendered":"<p>Cet ouvrage r\u00e9unit les actes du colloque tenu dans l\u2019abbaye de Solignac du 20 au 22 septembre 2018. Il s\u2019agissait d\u2019une troisi\u00e8me rencontre ayant pour but une exploration pluridisciplinaire des \u00e9tablissements religieux du Limousin ayant connu leur gloire \u00e0 l\u2019\u00e9poque m\u00e9di\u00e9vale, apr\u00e8s Saint-Martial de Limoges et Saint-Yrieix. Parce que le colloque a tenu ses promesses en mati\u00e8re d\u2019\u00e9changes, il est apparu indispensable de commanditer d\u2019autres \u00e9tudes, ainsi des \u00e9ditions de sources suppl\u00e9mentaires ou des relev\u00e9s enfin exacts permettant de mieux lire l\u2019abbatiale et son contexte urbain.<\/p>\n<p>Le monast\u00e8re b\u00e9n\u00e9dictin dispose de grands atouts pour prendre une place plus qu\u2019honorable dans la grande Histoire. Les fonds textuels sont importants, y compris pour le Haut Moyen \u00c2ge ; les fonds iconographiques ne sont pas moins exceptionnels, y compris pour l\u2019\u00c9poque moderne.<\/p>\n<p>Si ce recueil invite \u00e0 mettre \u00e0 jour la riche historiographie de champs d\u2019\u00e9tude d\u00e9j\u00e0 explor\u00e9s, s\u2019il met en lumi\u00e8re des sources documentaires jusque-l\u00e0 peu ou pas analys\u00e9es, il ne peut pr\u00e9tendre r\u00e9soudre toutes les questions pos\u00e9es. Esp\u00e9rons qu\u2019il encouragera de nouvelles recherches.<\/p>\n<p><strong>Sommaire<\/strong><\/p>\n<ul>\n<li>Pr\u00e9sentation de Claude Andrault-Schmitt<\/li>\n<\/ul>\n<ul>\n<li><strong>\u00c9loi et la question de la fondation de Solignac au VIIe si\u00e8cle<\/strong>\n<ul>\n<li>La charte de cession d\u2019\u00c9loi (21 d\u00e9cembre 638) : \u00c9dition et traduction (St\u00e9phane Lafaye, Jean-Fran\u00e7ois Boyer, Robert Chanaud, C\u00e9cile Treffort)<\/li>\n<li>L&#8217;abbaye de Solignac : une fondation mod\u00e8le ? (Catherine Faure)<\/li>\n<li>Les miracles de saint \u00c9loi (Edina Bozoky)<\/li>\n<\/ul>\n<\/li>\n<\/ul>\n<ul>\n<li><strong>\u00c9loi, Remacle et leurs successeurs au nord de la Seine<\/strong>\n<ul>\n<li>Sub habitu saeculari \u2013 in episcopatu. Notes biographiques sur saint \u00c9loi (Charles M\u00e9riaux)<\/li>\n<li>Jalons pour une histoire des relations entre les abbayes de Stavelot et de Solignac, du VIIe au XIIIe si\u00e8cle (Alain Dierkens)<\/li>\n<li>Le monast\u00e8re de Stavelot. Les vestiges arch\u00e9ologiques du haut Moyen \u00c2ge (Brigitte Neuray)<\/li>\n<\/ul>\n<\/li>\n<\/ul>\n<ul>\n<li><strong>Le monast\u00e8re de Solignac \u00e0 la lumi\u00e8re des sources \u00e9crites<\/strong>\n<ul>\n<li>Le fonds d\u2019archives de l\u2019abbaye de Solignac (Pascale Marouseau)<\/li>\n<li>Sub immunitatis nostrae regiaque tuitione\u2026 Solignac, une grande abbaye carolingiennensous protection royalen(C\u00e9cile Treffort)<\/li>\n<li>La gestion des documents juridiques \u00e0 l\u2019abbaye de Solignac au XIIe si\u00e8cle. \u00c0 propos des manuscrits des cartulaires (Laura Viaut)<\/li>\n<li>Le rouleau des morts de Solignac (1240-1241) (Robert Chanaud)<\/li>\n<li>Alimentation &amp; liturgie \u00e0 Solignac dans les premi\u00e8res ann\u00e9es du XIVe si\u00e8cle (Jean-Loup Lemaitre)<\/li>\n<li>La contribution de l\u2019abbaye de Solignac \u00e0 la congr\u00e9gation de Saint-Maur (XVIIe-XVIIIe si\u00e8cles) (Daniel-Odon Hurel)<\/li>\n<\/ul>\n<\/li>\n<\/ul>\n<ul>\n<li><strong>Une abbaye b\u00e9n\u00e9dictine dans son dioc\u00e8se et sa ville<\/strong>\n<ul>\n<li>L\u2019abbaye de Solignac aux XIe et XIIe si\u00e8cles. Mutations d\u2019un patrimoine et relations au monde (St\u00e9phane Lafaye)<\/li>\n<li>Les fouilles de la place Lemaigre Dubreuil \u00e0 Solignac (2014) (Dimitri Paloumbas-Odile et Charlotte Halavant)<\/li>\n<li>Morphologie d\u2019un bourg monastique : du castrum abbatial \u00e0 la ville de Solignac (Christian Remy)<\/li>\n<li>\u00ab L\u2019en-dessous \u00bb de la ville. Les cavit\u00e9s du bourg monastique de Solignac au Moyen \u00c2ge et \u00e0 la p\u00e9riode moderne (Patrice Conte, Eric Balbo, Jean-Claude Grany)<\/li>\n<\/ul>\n<\/li>\n<\/ul>\n<ul>\n<li><strong>Cadre monumental et commande artistique<\/strong>\n<ul>\n<li>Les constructions du Moyen \u00c2ge. Une abbatiale singuli\u00e8re, un ensemble conventuel \u00e0 imaginer (XIIe-XIIIe si\u00e8cles) (Claude Andrault-Schmitt)<\/li>\n<li>Les b\u00e2timents de la Congr\u00e9gation de Saint-Maur (Marie-Luce Pujalte)<\/li>\n<li>Les stalles de l\u2019\u00e9glise Saint-Pierre-Saint-Paul de Solignac (Kristiane Lem\u00e9-H\u00e9buterne)<\/li>\n<li>Reliques, reliquaires et orf\u00e8vrerie au monast\u00e8re Saint-Pierre de Solignac (VIIe-XVIIIe si\u00e8cle) (Jean-Fran\u00e7ois Boyer)<\/li>\n<\/ul>\n<\/li>\n<\/ul>\n<ul>\n<li><strong>Annexes<\/strong>\n<ul>\n<li>Listes des abb\u00e9s et titulaires d\u2019offices religieux (Christian Remy)<\/li>\n<li>Les images du Livre du chapitre (L\u00e9gend\u00e9es par Claude Andrault-Schmitt)<\/li>\n<li>Plans, coupes et relev\u00e9s (\u00c9ric Balbo, l\u00e9gendes de Claude Andrault-Schmitt)<\/li>\n<\/ul>\n<\/li>\n<\/ul>\n<ul>\n<li><strong>Conclusion<\/strong>\n<ul>\n<li>Regards sur l\u2019histoire d\u2019une abbaye (Jean-Loup Lemaitre)<\/li>\n<\/ul>\n<\/li>\n<\/ul>\n","protected":false},"excerpt":{"rendered":"<p>Cet ouvrage r\u00e9unit les actes du colloque tenu dans l\u2019abbaye de Solignac du 20 au 22 septembre 2018. Il s\u2019agissait d\u2019une troisi\u00e8me rencontre ayant pour but une exploration pluridisciplinaire des \u00e9tablissements religieux du Limousin ayant connu leur gloire \u00e0 l\u2019\u00e9poque m\u00e9di\u00e9vale, apr\u00e8s Saint-Martial de Limoges et Saint-Yrieix. Parce que le colloque a tenu ses promesses [&hellip;]<\/p>\n","protected":false},"featured_media":58039,"template":"","meta":{"_acf_changed":false,"_genesis_hide_title":false,"_genesis_hide_breadcrumbs":false,"_genesis_hide_singular_image":false,"_genesis_hide_footer_widgets":false,"_genesis_custom_body_class":"","_genesis_custom_post_class":"","_genesis_layout":""},"product_brand":[],"product_cat":[7155,7161,7159,7149,7133],"product_tag":[],"class_list":{"0":"post-58042","1":"product","2":"type-product","3":"status-publish","4":"has-post-thumbnail","6":"product_cat-istoria-antica-oc","7":"product_cat-istoria-medievala-oc","8":"product_cat-istoria-moderna-e-contemporala-oc","9":"product_cat-istoria-geografia-oc","10":"product_cat-libres-oc","11":"pa_auteur-andrault-schmitt-claude-oc","12":"pa_auteur-collectiu-oc-2","13":"pa_auteur-lafaye-stephane-oc","14":"pa_auteur-lemaitre-jean-loup-oc","15":"pa_editeur-pu-limoges-oc","16":"pa_langue-francais-oc","17":"entry","19":"first","20":"instock","21":"shipping-taxable","22":"purchasable","23":"product-type-simple"},"acf":[],"_links":{"self":[{"href":"https:\/\/www.libraria-occitana.org\/oc\/wp-json\/wp\/v2\/product\/58042","targetHints":{"allow":["GET"]}}],"collection":[{"href":"https:\/\/www.libraria-occitana.org\/oc\/wp-json\/wp\/v2\/product"}],"about":[{"href":"https:\/\/www.libraria-occitana.org\/oc\/wp-json\/wp\/v2\/types\/product"}],"wp:featuredmedia":[{"embeddable":true,"href":"https:\/\/www.libraria-occitana.org\/oc\/wp-json\/wp\/v2\/media\/58039"}],"wp:attachment":[{"href":"https:\/\/www.libraria-occitana.org\/oc\/wp-json\/wp\/v2\/media?parent=58042"}],"wp:term":[{"taxonomy":"product_brand","embeddable":true,"href":"https:\/\/www.libraria-occitana.org\/oc\/wp-json\/wp\/v2\/product_brand?post=58042"},{"taxonomy":"product_cat","embeddable":true,"href":"https:\/\/www.libraria-occitana.org\/oc\/wp-json\/wp\/v2\/product_cat?post=58042"},{"taxonomy":"product_tag","embeddable":true,"href":"https:\/\/www.libraria-occitana.org\/oc\/wp-json\/wp\/v2\/product_tag?post=58042"}],"curies":[{"name":"wp","href":"https:\/\/api.w.org\/{rel}","templated":true}]}}