{"id":58052,"date":"2018-06-12T15:32:06","date_gmt":"2018-06-12T13:32:06","guid":{"rendered":"http:\/\/www.libraria-occitana.org\/product\/cetait-le-temps-des-loups-du-loup-au-leberou-recits-et-chroniques-de-lancien-perigord\/"},"modified":"2026-04-26T02:21:49","modified_gmt":"2026-04-26T00:21:49","slug":"cetait-le-temps-des-loups-du-loup-au-leberou-recits-et-chroniques-de-lancien-perigord","status":"publish","type":"product","link":"https:\/\/www.libraria-occitana.org\/oc\/produch\/cetait-le-temps-des-loups-du-loup-au-leberou-recits-et-chroniques-de-lancien-perigord\/","title":{"rendered":"C&#8217;\u00e9tait le temps des loups : Du Loup au L\u00e9b\u00e9rou, r\u00e9cits et chroniques de l&#8217;ancien P\u00e9rigord"},"content":{"rendered":"<p>Jusqu&#8217;\u00e0 la Seconde Guerre mondiale, dans les veill\u00e9es du P\u00e9rigord o\u00f9 l&#8217;on se r\u00e9unissait pour \u00e9noiser, trier le tabac ou \u00e9grainer le ma\u00efs, on ne pouvait \u00e9viter d&#8217;\u00e9voquer les derniers \u00ab exploits \u00bb du loup. Il faut dire que les troupeaux \u00e9taient r\u00e9guli\u00e8rement attaqu\u00e9s, et que parfois, dans des conditions exceptionnelles de famine ou de maladie, des humains pouvaient \u00eatre bless\u00e9s ou tu\u00e9s par \u00ab la b\u00eate \u00bb.<br \/>\nMais on racontait aussi d&#8217;\u00e9tranges histoires \u00e0 propos des loups. On parlait de ceux qui semblaient rechercher la compagnie des humains ou encore de ceux qui dansaient au son des chabrettes des <em>musicaires<\/em> ; et puis, quand la soir\u00e9e s&#8217;avan\u00e7ait, que le vin de noa tournait un peu les t\u00eates et que les enfants \u00e9taient couch\u00e9s, les loups c\u00e9daient la place \u00e0 des \u00eatres plus myst\u00e9rieux encore, ni hommes, ni b\u00eates : les loups-garous, les \u00ab l\u00e9b\u00e9rous \u00bb comme on disait ici&#8230;<\/p>\n<p><em>Pendant trente ans, Jean-Paul Auriac a collect\u00e9 des t\u00e9moignages aupr\u00e8s des anciens du P\u00e9rigord sur les traditions et l\u00e9gendes locales, et celles-ci le renvoyaient souvent vers le loup. Il a ensuite recueilli \u00e0 travers le monde de multiples informations pour tenter d&#8217;en savoir plus sur les liens particuliers qui perdurent entre les humains et les animaux sauvages.<\/em><\/p>\n<p><em>Dix ans apr\u00e8s la 1re parution de <\/em>C&#8217;\u00e9tait le temps des loups<em>, l&#8217;ancien journaliste nous offre une r\u00e9\u00e9dition augment\u00e9e de l&#8217;ouvrage qui lui avait valu le \u00ab Prix de la Presse &#8211; Dominique Lavigne \u00bb (Clochers d&#8217;Or). Avec de nouveaux t\u00e9moignages et des traductions en occitan, le passeur de m\u00e9moire revient nous parler de cet animal qui effraie et fascine \u00e0 la fois.<\/em><\/p>\n","protected":false},"excerpt":{"rendered":"<p>Jusqu&#8217;\u00e0 la Seconde Guerre mondiale, dans les veill\u00e9es du P\u00e9rigord o\u00f9 l&#8217;on se r\u00e9unissait pour \u00e9noiser, trier le tabac ou \u00e9grainer le ma\u00efs, on ne pouvait \u00e9viter d&#8217;\u00e9voquer les derniers \u00ab exploits \u00bb du loup. Il faut dire que les troupeaux \u00e9taient r\u00e9guli\u00e8rement attaqu\u00e9s, et que parfois, dans des conditions exceptionnelles de famine ou de [&hellip;]<\/p>\n","protected":false},"featured_media":58050,"template":"","meta":{"_acf_changed":false,"_genesis_hide_title":false,"_genesis_hide_breadcrumbs":false,"_genesis_hide_singular_image":false,"_genesis_hide_footer_widgets":false,"_genesis_custom_body_class":"","_genesis_custom_post_class":"","_genesis_layout":""},"product_brand":[],"product_cat":[7209,7133,7207],"product_tag":[],"class_list":{"0":"post-58052","1":"product","2":"type-product","3":"status-publish","4":"has-post-thumbnail","6":"product_cat-costumas-rites-e-cresencas-oc","7":"product_cat-libres-oc","8":"product_cat-tradicions-patrimoni-oc","9":"pa_auteur-auriac-jean-paul-oc","10":"pa_editeur-par-ailleurs-oc","11":"pa_illustrateur-dartenset-michel-oc","12":"pa_langue-francais-oc","13":"entry","15":"first","16":"instock","17":"shipping-taxable","18":"purchasable","19":"product-type-simple"},"acf":[],"_links":{"self":[{"href":"https:\/\/www.libraria-occitana.org\/oc\/wp-json\/wp\/v2\/product\/58052","targetHints":{"allow":["GET"]}}],"collection":[{"href":"https:\/\/www.libraria-occitana.org\/oc\/wp-json\/wp\/v2\/product"}],"about":[{"href":"https:\/\/www.libraria-occitana.org\/oc\/wp-json\/wp\/v2\/types\/product"}],"wp:featuredmedia":[{"embeddable":true,"href":"https:\/\/www.libraria-occitana.org\/oc\/wp-json\/wp\/v2\/media\/58050"}],"wp:attachment":[{"href":"https:\/\/www.libraria-occitana.org\/oc\/wp-json\/wp\/v2\/media?parent=58052"}],"wp:term":[{"taxonomy":"product_brand","embeddable":true,"href":"https:\/\/www.libraria-occitana.org\/oc\/wp-json\/wp\/v2\/product_brand?post=58052"},{"taxonomy":"product_cat","embeddable":true,"href":"https:\/\/www.libraria-occitana.org\/oc\/wp-json\/wp\/v2\/product_cat?post=58052"},{"taxonomy":"product_tag","embeddable":true,"href":"https:\/\/www.libraria-occitana.org\/oc\/wp-json\/wp\/v2\/product_tag?post=58052"}],"curies":[{"name":"wp","href":"https:\/\/api.w.org\/{rel}","templated":true}]}}