{"id":58755,"date":"2023-11-21T16:58:37","date_gmt":"2023-11-21T15:58:37","guid":{"rendered":"http:\/\/www.libraria-occitana.org\/product\/lo-pais-vos-parla-le-pays-vous-parle-chroniques-occitanes-du-quotidien-la-montagne\/"},"modified":"2026-04-27T06:41:41","modified_gmt":"2026-04-27T04:41:41","slug":"lo-pais-vos-parla-le-pays-vous-parle-chroniques-occitanes-du-quotidien-la-montagne","status":"publish","type":"product","link":"https:\/\/www.libraria-occitana.org\/oc\/produch\/lo-pais-vos-parla-le-pays-vous-parle-chroniques-occitanes-du-quotidien-la-montagne\/","title":{"rendered":"Lo pa\u00eds vos parla &#8211; Le pays vous parle : Chroniques occitanes du quotidien La Montagne"},"content":{"rendered":"<p>Chroniques occitanes rassembl\u00e9es par Jean-Pierre Lacombe et Sylvette Marty \u00e0 partir des textes des Ateliers d&#8217;occitan de la Corr\u00e8ze, parus dans le quotidien <em>La Montagne<\/em>.<\/p>\n<p><em>Lo pa\u00eds vos parla<\/em>, c&#8217;est la chronique occitane bilingue que, depuis 2018, le quotidien La Montagne accueille chaque semaine dans les pages de son \u00e9dition \u00ab Corr\u00e8ze \u00bb.<br \/>\nCe livre rassemble les 150 premi\u00e8res chroniques publi\u00e9es, \u00e9crites par une trentaine d&#8217;auteurs, d\u00e9butants, confirm\u00e9s ou experts, issus des ateliers d&#8217;occitan de la Corr\u00e8ze. Il fait aussi une place \u00e0 plusieurs in\u00e9dits, dont un travail de coll\u00e9giens et lyc\u00e9ens des options \u00ab occitan \u00bb.<br \/>\nRegroup\u00e9es ici par th\u00e8mes tr\u00e8s vari\u00e9s, elles parlent de tout ! D&#8217;ici et d&#8217;ailleurs, d&#8217;hier et d&#8217;aujourd&#8217;hui, de souvenirs et de r\u00e9flexions, de l&#8217;humeur du moment, d&#8217;humour et de po\u00e9sie, du temps qu&#8217;il fait et du temps qui passe, de patrimoine, de nature, de culture, de personnages locaux ou plus lointains, faisant chanter une langue savoureuse encore bien vivante.<br \/>\nRichement illustr\u00e9es de photos et \u0153uvres d&#8217;artistes, elles s&#8217;adressent \u00e0 tous et enchanteront un large public.<\/p>\n<p><a href=\"http:\/\/www.libraria-occitana.org\/wp-content\/uploads\/2023\/11\/lopais11-tdm.jpg\"><strong>Table des mati\u00e8res<\/strong><\/a><\/p>\n<h3>Un joyau \u00e0 pr\u00e9server<\/h3>\n<p>Il faut souvent du temps pour faire na\u00eetre une chronique dans un journal. Il n\u2019a fallu que quelques jours pour prendre la d\u00e9cision de publier de mani\u00e8re r\u00e9guli\u00e8re des textes en occitan, r\u00e9dig\u00e9s par les ateliers de la Corr\u00e8ze, dans La Montagne. Pourquoi ?<br \/>\nTout simplement parce que cela paraissait naturel. Parce que notre quotidien r\u00e9gional, qui s\u2019invite encore chaque jour dans de tr\u00e8s nombreux foyers du d\u00e9partement, est un miroir du territoire. Et parce qu\u2019il est aussi l\u00e0 pour d\u00e9fendre son patrimoine, dont la langue occitane est un joyau qu\u2019il faut pr\u00e9server avec le plus grand soin.<br \/>\nTr\u00e8s vite, vous avez \u00e9t\u00e9 nombreux \u00e0 saluer cette initiative. Il ne faut pas m\u00e9sestimer, dans cette reconnaissance quasi instantan\u00e9e, la qualit\u00e9 et le ton si particulier de ces chroniques. Comme <em>La Montagne<\/em>, elles parlent de tout et c\u2019est ce qui fait leur force. Elles ne s\u2019interdisent rien, abordant m\u00eame parfois des sujets d\u2019actualit\u00e9. Elles peuvent \u00eatre tristes ou dr\u00f4les, l\u00e9g\u00e8res ou graves.<br \/>\nInvariablement, elles sont accompagn\u00e9es d\u2019une traduction en fran\u00e7ais.<br \/>\nC\u2019\u00e9tait une volont\u00e9 forte, qui n\u2019a jamais \u00e9t\u00e9 remise en question. M\u00eame si cela ajoute une petite contrainte aux auteurs : leurs textes sont forc\u00e9ment courts.<br \/>\nC\u2019est aussi, sans doute, ce qui les rend si vifs, agr\u00e9ables \u00e0 lire et accessibles au plus grand nombre.<br \/>\n\u00ab Lo Pa\u00eds vos parla \u00bb ne s\u2019adresse pas qu\u2019aux locuteurs. Chaque semaine, tout le monde peut ainsi s\u2019amuser \u00e0 rep\u00e9rer la traduction d\u2019un mot, la tournure d\u2019une phrase. Nous voulons croire que cela a donn\u00e9 envie \u00e0 quelques-uns de nos lecteurs d\u2019apprendre l\u2019occitan, ou tout du moins de s\u2019int\u00e9resser un peu plus \u00e0 son histoire.<br \/>\nC\u2019\u00e9tait aussi le but de ces chroniques : parce que les langues r\u00e9gionales, v\u00e9ritables socles de nos territoires et de leurs identit\u00e9s, ont plus que jamais leur place et leur importance.<\/p>\n<h3>Les ateliers occitans en Corr\u00e8ze<\/h3>\n<p>Depuis quelques ann\u00e9es se sont cr\u00e9\u00e9s, dans toutes les r\u00e9gions de parler occitan, des ateliers de pratique de cette langue, comme pour retrouver et faire vivre, avant qu&#8217;il ne soit trop tard, les mots de l&#8217;enfance, de la famille paysanne, du cercle maternel, des activit\u00e9s li\u00e9es au labeur, \u00e0 la cuisine, \u00e0 la nature, aux f\u00eates, aux gestes, outils et pratiques quotidiennes\u2026<br \/>\nEn Corr\u00e8ze, ce sont une dizaine d&#8217;ateliers qui se r\u00e9unissent r\u00e9guli\u00e8rement pour tout simplement bavarder dans cette langue famili\u00e8re, la r\u00e9apprendre, l&#8217;apprendre aussi, et ma\u00eetriser son \u00e9criture :<br \/>\n&#8211; \u00e0 Ussel, Los Balenons ;<br \/>\n&#8211; \u00e0 Sarroux-Saint Julien : Los Diablatons de Sent-Nazari ;<br \/>\n&#8211; \u00e0 Chameyrat : Los Marmilhons de Chamairac ;<br \/>\n&#8211; \u00e0 Brive : Las Parl\u00f2tas Galhardas ;<br \/>\n&#8211; \u00e0 Tulle : Los Set Suquetons de Tula ;<br \/>\n&#8211; et aussi les ateliers de Maissac \/ Meyssac, ceux de N\u00f2u Vic \/ Neuvic, Corr\u00e8sa \/ Corr\u00e8ze, Montanhac \/ Montaignac, Amburjac \/ Ambrugeat.<\/p>\n<p>Et las classas d\u2019occitan \/ les classes d\u2019occitan ? :<br \/>\n&#8211; du coll\u00e8gi d\u2019Arsonval d\u2019a Briva \/ du coll\u00e8ge d\u2019Arsenal de Brive ;<br \/>\n&#8211; du liceu Edmond-Perrier d\u2019a Tula \/ du lyc\u00e9e Edmond-Perrier de Tulle.<br \/>\nTous les textes de <em>Lo pais vos parla<\/em> en \u00e9manent.<\/p>\n<h3>Les auteurs des textes<\/h3>\n<p>Anne-Marie Lescure<br \/>\nArlette Plas-Chazelon<br \/>\nArlette Perussie<br \/>\nBernadette Plas<br \/>\nClair Mah\u00e9<br \/>\nChristine Aubessard-Vigier<br \/>\nBernadette Daumas<br \/>\nDaniel Canou<br \/>\nFabienne Garnerin<br \/>\nFrancine Fontchastagnier<br \/>\nBrigitte Rigot<br \/>\nGabriel Chantelauze<br \/>\nGhislaine Pouget<br \/>\nJacqueline Meynial<br \/>\nJeannine Bachellerie<br \/>\nJean-Paul Condat<br \/>\nJean-Pierre Lacombe<br \/>\nJacques Drouillac<br \/>\nMarcel Villeneuve<br \/>\nMarie-Jo Bonnet<br \/>\nMarie-Claire Nadal<br \/>\nMarie-Rose Brillaud<br \/>\nMich\u00e8le Chaumeil<br \/>\nMireille Langlade-Buche<br \/>\nJean-Michel Monteil<br \/>\nNicole Borie<br \/>\nOdette Gauthier<br \/>\nPascal Boudy<br \/>\nSylvette Marty<\/p>\n","protected":false},"excerpt":{"rendered":"<p>Chroniques occitanes rassembl\u00e9es par Jean-Pierre Lacombe et Sylvette Marty \u00e0 partir des textes des Ateliers d&#8217;occitan de la Corr\u00e8ze, parus dans le quotidien La Montagne. Lo pa\u00eds vos parla, c&#8217;est la chronique occitane bilingue que, depuis 2018, le quotidien La Montagne accueille chaque semaine dans les pages de son \u00e9dition \u00ab Corr\u00e8ze \u00bb. Ce livre [&hellip;]<\/p>\n","protected":false},"featured_media":58753,"template":"","meta":{"_acf_changed":false,"_genesis_hide_title":false,"_genesis_hide_breadcrumbs":false,"_genesis_hide_singular_image":false,"_genesis_hide_footer_widgets":false,"_genesis_custom_body_class":"","_genesis_custom_post_class":"","_genesis_layout":""},"product_brand":[],"product_cat":[7133,7175,7187],"product_tag":[],"class_list":{"0":"post-58755","1":"product","2":"type-product","3":"status-publish","4":"has-post-thumbnail","6":"product_cat-libres-oc","7":"product_cat-literatura-oc","8":"product_cat-temonhatges-memoris-oc","9":"pa_auteur-collectiu-oc-2","10":"pa_auteur-lacombe-jean-pierre-fr-oc","11":"pa_auteur-marty-sylvette-oc","12":"pa_editeur-maiade-oc","13":"pa_langue-occitan-lemosin-oc","14":"pa_langue-occitan-francais-oc","15":"entry","17":"first","18":"instock","19":"shipping-taxable","20":"purchasable","21":"product-type-simple"},"acf":[],"_links":{"self":[{"href":"https:\/\/www.libraria-occitana.org\/oc\/wp-json\/wp\/v2\/product\/58755","targetHints":{"allow":["GET"]}}],"collection":[{"href":"https:\/\/www.libraria-occitana.org\/oc\/wp-json\/wp\/v2\/product"}],"about":[{"href":"https:\/\/www.libraria-occitana.org\/oc\/wp-json\/wp\/v2\/types\/product"}],"wp:featuredmedia":[{"embeddable":true,"href":"https:\/\/www.libraria-occitana.org\/oc\/wp-json\/wp\/v2\/media\/58753"}],"wp:attachment":[{"href":"https:\/\/www.libraria-occitana.org\/oc\/wp-json\/wp\/v2\/media?parent=58755"}],"wp:term":[{"taxonomy":"product_brand","embeddable":true,"href":"https:\/\/www.libraria-occitana.org\/oc\/wp-json\/wp\/v2\/product_brand?post=58755"},{"taxonomy":"product_cat","embeddable":true,"href":"https:\/\/www.libraria-occitana.org\/oc\/wp-json\/wp\/v2\/product_cat?post=58755"},{"taxonomy":"product_tag","embeddable":true,"href":"https:\/\/www.libraria-occitana.org\/oc\/wp-json\/wp\/v2\/product_tag?post=58755"}],"curies":[{"name":"wp","href":"https:\/\/api.w.org\/{rel}","templated":true}]}}