{"id":58983,"date":"2023-12-20T17:57:50","date_gmt":"2023-12-20T16:57:50","guid":{"rendered":"http:\/\/www.libraria-occitana.org\/product\/polifoc-en-lemosin\/"},"modified":"2026-04-29T02:51:25","modified_gmt":"2026-04-29T00:51:25","slug":"polifoc-en-lemosin","status":"publish","type":"product","link":"https:\/\/www.libraria-occitana.org\/oc\/produch\/polifoc-en-lemosin\/","title":{"rendered":"Polif&#8217;Oc en Lemosin"},"content":{"rendered":"<p>Ce groupe de chanteuses et chanteurs introduit l\u2019esprit et la technique du chant polyphonique en Limousin. Dirig\u00e9s de main de ma\u00eetre par Beno\u00eet Ribi\u00e8re, les \u00ab Greus \u00bb, les grillons, interpr\u00e8tent des chants occitans venus du B\u00e9arn, de Bigorre, de Provence, du Languedoc, du Pi\u00e9mont italien\u2026<\/p>\n<p><strong>Titres :<\/strong><br \/>\n1. E mi chantou (traditionnel Pi\u00e9mont italien)<br \/>\n2. Lo carbonier (traditionnel Provence)<br \/>\n3. Jol pont de Mirabel (traditionnel Rouergue)<br \/>\n4. Amor d&#8217;Aussau (B\u00e9arn &#8211; texte Marcel Abbadie, musique Bernard Bou\u00e9)<br \/>\n5. Le joueur de pipeau (Bigorre &#8211; compositeur-auteur : Jean-Pierre Daraspe)<br \/>\n6. Julieta (B\u00e9arn &#8211; compositeur-auteur : Michel Maffrand)<br \/>\n7. Jan (B\u00e9arn &#8211; compositeur-auteur : Michel Maffrand, Genevi\u00e8ve Maffrand, Jacques Roth)<br \/>\n8. Lo boier (traditionnel Languedoc)<br \/>\n9. La peira terbuleranta (traditionnel Pi\u00e9mont italien)<br \/>\n10. De cap t\u00e0 l&#8217;immort\u00e8la (B\u00e9arn &#8211; compositeur-auteur : Michel Maffrand, Genevi\u00e8ve Maffrand, Jacques Roth)<br \/>\n11. Ombreta per ombreta (valse du Tarn collect\u00e9e par La Talvera)<br \/>\n12. Qu&#8217;\u00e8m \u00e7\u00f2 qui \u00e8m (B\u00e9arn &#8211; compositeur-auteur : Michel Maffrand, Genevi\u00e8ve Maffrand, Jacques Roth)<br \/>\n13. Se canta (traditionnel Ari\u00e8ge)<br \/>\n14. La libertat (traditionnel Provence &#8211; texte Claude Barsotti, musique Manu Th\u00e9ron)<\/p>\n","protected":false},"excerpt":{"rendered":"<p>Ce groupe de chanteuses et chanteurs introduit l\u2019esprit et la technique du chant polyphonique en Limousin. Dirig\u00e9s de main de ma\u00eetre par Beno\u00eet Ribi\u00e8re, les \u00ab Greus \u00bb, les grillons, interpr\u00e8tent des chants occitans venus du B\u00e9arn, de Bigorre, de Provence, du Languedoc, du Pi\u00e9mont italien\u2026 Titres : 1. E mi chantou (traditionnel Pi\u00e9mont italien) [&hellip;]<\/p>\n","protected":false},"featured_media":58978,"template":"","meta":{"_acf_changed":false,"_genesis_hide_title":false,"_genesis_hide_breadcrumbs":false,"_genesis_hide_singular_image":false,"_genesis_hide_footer_widgets":false,"_genesis_custom_body_class":"","_genesis_custom_post_class":"","_genesis_layout":""},"product_brand":[],"product_cat":[16683,7231],"product_tag":[],"class_list":{"0":"post-58983","1":"product","2":"type-product","3":"status-publish","4":"has-post-thumbnail","6":"product_cat-musica-oc","7":"product_cat-polifonias-oc","8":"pa_auteur-chantoc-greu-oc","9":"pa_editeur-chantoc-greu-1-oc","10":"pa_langue-francais-oc","11":"pa_langue-occitan-oc","12":"pa_langue-occitan-gascon-oc","13":"pa_langue-occitan-lengadocian-oc","14":"pa_langue-occitan-provencau-oc","15":"entry","17":"first","18":"instock","19":"shipping-taxable","20":"purchasable","21":"product-type-simple"},"acf":[],"_links":{"self":[{"href":"https:\/\/www.libraria-occitana.org\/oc\/wp-json\/wp\/v2\/product\/58983","targetHints":{"allow":["GET"]}}],"collection":[{"href":"https:\/\/www.libraria-occitana.org\/oc\/wp-json\/wp\/v2\/product"}],"about":[{"href":"https:\/\/www.libraria-occitana.org\/oc\/wp-json\/wp\/v2\/types\/product"}],"wp:featuredmedia":[{"embeddable":true,"href":"https:\/\/www.libraria-occitana.org\/oc\/wp-json\/wp\/v2\/media\/58978"}],"wp:attachment":[{"href":"https:\/\/www.libraria-occitana.org\/oc\/wp-json\/wp\/v2\/media?parent=58983"}],"wp:term":[{"taxonomy":"product_brand","embeddable":true,"href":"https:\/\/www.libraria-occitana.org\/oc\/wp-json\/wp\/v2\/product_brand?post=58983"},{"taxonomy":"product_cat","embeddable":true,"href":"https:\/\/www.libraria-occitana.org\/oc\/wp-json\/wp\/v2\/product_cat?post=58983"},{"taxonomy":"product_tag","embeddable":true,"href":"https:\/\/www.libraria-occitana.org\/oc\/wp-json\/wp\/v2\/product_tag?post=58983"}],"curies":[{"name":"wp","href":"https:\/\/api.w.org\/{rel}","templated":true}]}}