{"id":60148,"date":"2020-01-19T18:26:33","date_gmt":"2020-01-19T17:26:33","guid":{"rendered":"http:\/\/www.libraria-occitana.org\/?post_type=product&#038;p=60148"},"modified":"2026-04-29T10:28:16","modified_gmt":"2026-04-29T08:28:16","slug":"le-jour-ou-mon-pere-a-disparu","status":"publish","type":"product","link":"https:\/\/www.libraria-occitana.org\/oc\/produch\/le-jour-ou-mon-pere-a-disparu\/","title":{"rendered":"Le jour o\u00f9 mon p\u00e8re a disparu"},"content":{"rendered":"<p><strong>Un homme s&#8217;\u00e9vade de prison. Et soudain un ado voit sa vie boulevers\u00e9e.<\/strong><br \/>\nAussi loin que remonte la m\u00e9moire d\u2019\u00c9tienne, ses parents et lui ont toujours \u00e9t\u00e9 consid\u00e9r\u00e9s comme des parias au village. \u00c9tienne n\u2019a jamais pu participer aux matchs de foot, aux f\u00eates, avoir une bande de copains\u2026 Le plus difficile pour lui, c\u2019est de ne pas conna\u00eetre les raisons de cette mise \u00e0 l\u2019\u00e9cart. Bien s\u00fbr, il sait que ses parents ont milit\u00e9 au sein du Front de lib\u00e9ration occitan, mais ils ont toujours d\u00e9fendu la tol\u00e9rance et l\u2019ouverture d\u2019esprit. Le jour o\u00f9 un ancien membre du mouvement s\u2019\u00e9vade de prison, le p\u00e8re d\u2019\u00c9tienne dispara\u00eet. \u00c9tienne n\u2019a alors plus d\u2019autre choix que de partir en qu\u00eate de la v\u00e9rit\u00e9.<\/p>\n<p>Polar. 12 ans, 13 ans, 14 ans, 15 ans et plus.<\/p>\n","protected":false},"excerpt":{"rendered":"<p>Un homme s&#8217;\u00e9vade de prison. Et soudain un ado voit sa vie boulevers\u00e9e. Aussi loin que remonte la m\u00e9moire d\u2019\u00c9tienne, ses parents et lui ont toujours \u00e9t\u00e9 consid\u00e9r\u00e9s comme des parias au village. \u00c9tienne n\u2019a jamais pu participer aux matchs de foot, aux f\u00eates, avoir une bande de copains\u2026 Le plus difficile pour lui, c\u2019est [&hellip;]<\/p>\n","protected":false},"featured_media":60151,"template":"","meta":{"_acf_changed":false,"_genesis_hide_title":false,"_genesis_hide_breadcrumbs":false,"_genesis_hide_singular_image":false,"_genesis_hide_footer_widgets":false,"_genesis_custom_body_class":"","_genesis_custom_post_class":"","_genesis_layout":""},"product_brand":[],"product_cat":[7165,7133,7175,7183],"product_tag":[],"class_list":{"0":"post-60148","1":"product","2":"type-product","3":"status-publish","4":"has-post-thumbnail","6":"product_cat-jounessa-bd-umor","7":"product_cat-libres-oc","8":"product_cat-literatura-oc","9":"product_cat-romans-novelas-oc","10":"pa_auteur-severac-benoit-oc","11":"pa_editeur-syros-oc","12":"pa_langue-francais-oc","13":"entry","15":"first","16":"instock","17":"shipping-taxable","18":"purchasable","19":"product-type-simple"},"acf":[],"_links":{"self":[{"href":"https:\/\/www.libraria-occitana.org\/oc\/wp-json\/wp\/v2\/product\/60148","targetHints":{"allow":["GET"]}}],"collection":[{"href":"https:\/\/www.libraria-occitana.org\/oc\/wp-json\/wp\/v2\/product"}],"about":[{"href":"https:\/\/www.libraria-occitana.org\/oc\/wp-json\/wp\/v2\/types\/product"}],"wp:featuredmedia":[{"embeddable":true,"href":"https:\/\/www.libraria-occitana.org\/oc\/wp-json\/wp\/v2\/media\/60151"}],"wp:attachment":[{"href":"https:\/\/www.libraria-occitana.org\/oc\/wp-json\/wp\/v2\/media?parent=60148"}],"wp:term":[{"taxonomy":"product_brand","embeddable":true,"href":"https:\/\/www.libraria-occitana.org\/oc\/wp-json\/wp\/v2\/product_brand?post=60148"},{"taxonomy":"product_cat","embeddable":true,"href":"https:\/\/www.libraria-occitana.org\/oc\/wp-json\/wp\/v2\/product_cat?post=60148"},{"taxonomy":"product_tag","embeddable":true,"href":"https:\/\/www.libraria-occitana.org\/oc\/wp-json\/wp\/v2\/product_tag?post=60148"}],"curies":[{"name":"wp","href":"https:\/\/api.w.org\/{rel}","templated":true}]}}