{"id":61914,"date":"2025-06-06T13:06:29","date_gmt":"2025-06-06T11:06:29","guid":{"rendered":"https:\/\/www.libraria-occitana.org\/?post_type=product&#038;p=61914"},"modified":"2026-04-29T10:14:37","modified_gmt":"2026-04-29T08:14:37","slug":"un-autre-monde-que-le-mien","status":"publish","type":"product","link":"https:\/\/www.libraria-occitana.org\/oc\/produch\/un-autre-monde-que-le-mien\/","title":{"rendered":"Un autre monde que le mien"},"content":{"rendered":"<blockquote>\n<p>Soi aquela qu&#8217;aus\u00eds<br \/>\nton planh<br \/>\ne lo cambia<br \/>\nen po\u00e8ma<\/p>\n<p>Je suis celle qui entend<br \/>\nta plainte<br \/>\net la transforme<br \/>\nen po\u00e8me<\/p>\n<\/blockquote>\n<p>Un corps qui s\u2019offre et un corps meurtri, la morsure du soleil et la blessure des nuits, la tendresse et le cri : les premiers po\u00e8mes de ce livre font alterner l\u2019\u00e9vocation des violences faites aux femmes et l\u2019\u00e9rotisme solaire o\u00f9 puise l\u2019imaginaire de l\u2019autrice. Puis viennent le royaume des sources et des b\u00eates, la maison et le ciel, le nid d\u2019aigle et le gouffre, les lign\u00e9es interrompues et la vie r\u00e9invent\u00e9e, le c\u0153ur au bord des l\u00e8vres et la pierre dans le dos, les sorts que l\u2019on conjure et les morts qui jurent d\u2019\u00eatre encore parmi nous. Sans se br\u00fbler et sans se perdre, une voix invoque et r\u00e9voque. Elle est l\u2019amie, elle est la s\u0153ur, celle dont les souvenirs ont go\u00fbt d\u2019avenir et qui danse sous les \u00e9toiles. \u00c9coutez-la, suivez-la. Je ne serai pas seul \u00e0 croire le bonheur possible avec elle.<\/p>\n","protected":false},"excerpt":{"rendered":"<p>Soi aquela qu&#8217;aus\u00eds ton planh e lo cambia en po\u00e8ma Je suis celle qui entend ta plainte et la transforme en po\u00e8me Un corps qui s\u2019offre et un corps meurtri, la morsure du soleil et la blessure des nuits, la tendresse et le cri : les premiers po\u00e8mes de ce livre font alterner l\u2019\u00e9vocation des [&hellip;]<\/p>\n","protected":false},"featured_media":61918,"template":"","meta":{"_acf_changed":false,"_genesis_hide_title":false,"_genesis_hide_breadcrumbs":false,"_genesis_hide_singular_image":false,"_genesis_hide_footer_widgets":false,"_genesis_custom_body_class":"","_genesis_custom_post_class":"","_genesis_layout":""},"product_brand":[],"product_cat":[7133,7175,7181],"product_tag":[],"class_list":{"0":"post-61914","1":"product","2":"type-product","3":"status-publish","4":"has-post-thumbnail","6":"product_cat-libres-oc","7":"product_cat-literatura-oc","8":"product_cat-poesia-oc","9":"pa_auteur-lassaque-aurelia-oc","10":"pa_editeur-editions-bruno-doucey-oc","11":"pa_langue-occitan-lengadocian-oc","12":"pa_langue-occitan-francais-oc","13":"entry","15":"first","16":"instock","17":"shipping-taxable","18":"purchasable","19":"product-type-simple"},"acf":[],"_links":{"self":[{"href":"https:\/\/www.libraria-occitana.org\/oc\/wp-json\/wp\/v2\/product\/61914","targetHints":{"allow":["GET"]}}],"collection":[{"href":"https:\/\/www.libraria-occitana.org\/oc\/wp-json\/wp\/v2\/product"}],"about":[{"href":"https:\/\/www.libraria-occitana.org\/oc\/wp-json\/wp\/v2\/types\/product"}],"wp:featuredmedia":[{"embeddable":true,"href":"https:\/\/www.libraria-occitana.org\/oc\/wp-json\/wp\/v2\/media\/61918"}],"wp:attachment":[{"href":"https:\/\/www.libraria-occitana.org\/oc\/wp-json\/wp\/v2\/media?parent=61914"}],"wp:term":[{"taxonomy":"product_brand","embeddable":true,"href":"https:\/\/www.libraria-occitana.org\/oc\/wp-json\/wp\/v2\/product_brand?post=61914"},{"taxonomy":"product_cat","embeddable":true,"href":"https:\/\/www.libraria-occitana.org\/oc\/wp-json\/wp\/v2\/product_cat?post=61914"},{"taxonomy":"product_tag","embeddable":true,"href":"https:\/\/www.libraria-occitana.org\/oc\/wp-json\/wp\/v2\/product_tag?post=61914"}],"curies":[{"name":"wp","href":"https:\/\/api.w.org\/{rel}","templated":true}]}}