{"id":62336,"date":"2025-07-12T15:14:08","date_gmt":"2025-07-12T13:14:08","guid":{"rendered":"https:\/\/www.libraria-occitana.org\/product\/un-millenaire-de-pouvoir-vertical-978-1815-histoire-de-la-centralisation-francaise-tome-1\/"},"modified":"2026-04-29T10:09:00","modified_gmt":"2026-04-29T08:09:00","slug":"un-millenaire-de-pouvoir-vertical-978-1815-histoire-de-la-centralisation-francaise-tome-1","status":"publish","type":"product","link":"https:\/\/www.libraria-occitana.org\/oc\/produch\/un-millenaire-de-pouvoir-vertical-978-1815-histoire-de-la-centralisation-francaise-tome-1\/","title":{"rendered":"Un mill\u00e9naire de pouvoir vertical, 978-1815 : Histoire de la centralisation fran\u00e7aise Tome 1"},"content":{"rendered":"<p>L\u2019actualit\u00e9 montre que la France n\u2019est pas encore sortie d\u2019une histoire faite de blocages et d\u2019affrontements entre la population et un pouvoir central qui se voudrait dominateur, quel que soit le r\u00e9gime. Cette incapacit\u00e9 \u00e0 \u00e9voluer d\u2019une fa\u00e7on pacifique et consensuelle met en p\u00e9ril la coh\u00e9sion sociale et le dynamisme du pays. Une fracture persiste de longue date entre le pouvoir central d\u00e9ifi\u00e9 mais fragilis\u00e9 par l\u2019hyper-centralisation, les pouvoirs locaux, consid\u00e9r\u00e9s comme n\u00e9gligeables et des populations priv\u00e9es de toute participation aux d\u00e9cisions qui les concernent, ce qui emp\u00eache l\u2019apprentissage d\u2019une vraie d\u00e9mocratie et creuse les in\u00e9galit\u00e9s territoriales. Pour r\u00e9pondre aux d\u00e9fis du pr\u00e9sent, deux volumes chronologiques proposent une lecture alternative du pass\u00e9, rarement propos\u00e9e au public, un examen critique de l\u2019absolutisme royal perfectionn\u00e9 par la centralisation jacobine. Une seconde partie poursuit l\u2019histoire commenc\u00e9e en 987 par celle qui se d\u00e9roule sous nos yeux depuis 1815.<\/p>\n<p>Pr\u00e9face de Philippe Blanchet Lunati.<\/p>\n<p><a href=\"https:\/\/www.libraria-occitana.org\/produit\/le-jacobinisme-une-addiction-francaise-1815-2025-histoire-de-la-centralisation-francaise-tome-2\/\"><em>Le jacobinisme : Une addiction fran\u00e7aise, 1815-2025 : Histoire de la centralisation fran\u00e7aise<\/em> Tome 2<\/a><\/p>\n","protected":false},"excerpt":{"rendered":"<p>L\u2019actualit\u00e9 montre que la France n\u2019est pas encore sortie d\u2019une histoire faite de blocages et d\u2019affrontements entre la population et un pouvoir central qui se voudrait dominateur, quel que soit le r\u00e9gime. Cette incapacit\u00e9 \u00e0 \u00e9voluer d\u2019une fa\u00e7on pacifique et consensuelle met en p\u00e9ril la coh\u00e9sion sociale et le dynamisme du pays. Une fracture persiste [&hellip;]<\/p>\n","protected":false},"featured_media":62334,"template":"","meta":{"_acf_changed":false,"_genesis_hide_title":false,"_genesis_hide_breadcrumbs":false,"_genesis_hide_singular_image":false,"_genesis_hide_footer_widgets":false,"_genesis_custom_body_class":"","_genesis_custom_post_class":"","_genesis_layout":""},"product_brand":[],"product_cat":[7157,7149,7133],"product_tag":[],"class_list":{"0":"post-62336","1":"product","2":"type-product","3":"status-publish","4":"has-post-thumbnail","6":"product_cat-istoria-generala-oc","7":"product_cat-istoria-geografia-oc","8":"product_cat-libres-oc","9":"pa_editeur-lharmattan-oc","10":"pa_langue-francais-oc","11":"entry","13":"first","14":"instock","15":"shipping-taxable","16":"purchasable","17":"product-type-simple"},"acf":[],"_links":{"self":[{"href":"https:\/\/www.libraria-occitana.org\/oc\/wp-json\/wp\/v2\/product\/62336","targetHints":{"allow":["GET"]}}],"collection":[{"href":"https:\/\/www.libraria-occitana.org\/oc\/wp-json\/wp\/v2\/product"}],"about":[{"href":"https:\/\/www.libraria-occitana.org\/oc\/wp-json\/wp\/v2\/types\/product"}],"wp:featuredmedia":[{"embeddable":true,"href":"https:\/\/www.libraria-occitana.org\/oc\/wp-json\/wp\/v2\/media\/62334"}],"wp:attachment":[{"href":"https:\/\/www.libraria-occitana.org\/oc\/wp-json\/wp\/v2\/media?parent=62336"}],"wp:term":[{"taxonomy":"product_brand","embeddable":true,"href":"https:\/\/www.libraria-occitana.org\/oc\/wp-json\/wp\/v2\/product_brand?post=62336"},{"taxonomy":"product_cat","embeddable":true,"href":"https:\/\/www.libraria-occitana.org\/oc\/wp-json\/wp\/v2\/product_cat?post=62336"},{"taxonomy":"product_tag","embeddable":true,"href":"https:\/\/www.libraria-occitana.org\/oc\/wp-json\/wp\/v2\/product_tag?post=62336"}],"curies":[{"name":"wp","href":"https:\/\/api.w.org\/{rel}","templated":true}]}}