{"id":62702,"date":"2022-10-30T11:44:41","date_gmt":"2022-10-30T10:44:41","guid":{"rendered":"https:\/\/www.libraria-occitana.org\/?post_type=product&#038;p=62702"},"modified":"2026-04-29T05:01:10","modified_gmt":"2026-04-29T03:01:10","slug":"eric-fraj-50-ans-de-cancon","status":"publish","type":"product","link":"https:\/\/www.libraria-occitana.org\/oc\/produch\/eric-fraj-50-ans-de-cancon\/","title":{"rendered":"Eric Fraj : 50 ans de can\u00e7on"},"content":{"rendered":"<p>Centrat sul caminament artistic d&#8217;Eric Fraj e ponctuat per d&#8217;estraits d\u2019un conc\u00e8rt amb lo guitarrista Morgan Astruc, aital coma d\u2019una performan\u00e7a amb lo po\u00e8ta Sergi Pey, aquel filme es l\u2019escasen\u00e7a d\u2019intrar dins l\u2019intimitat del cantaire, de parlar de sas originas familialas, de sos 50 ans de can\u00e7on, de sa relacion a la lenga occitana, de son gost per l\u2019ensenhament, o encara de sa passion per la poesia.<\/p>\n<p>Lo filme fogu\u00e8t virat en mantun l\u00f2c d\u2019import\u00e0ncia per Eric : son ostal de Carbona, la Calandreta de Mur\u00e8th, la vila de Lavelhanet d&#8217;Ari\u00e8ja (bre\u00e7 d\u2019una partida de la fam\u00edlia pairala), lo cast\u00e8l catar de Montsegur, e lo vilatge medieval de Sent Macari ont balh\u00e8t\u00a0l\u2019un dels sieus primi\u00e8rs conc\u00e8rts al comen\u00e7ament de las annadas 1970.<\/p>\n<p>En occitan, jostitolat en franc\u00e9s.<\/p>\n","protected":false},"excerpt":{"rendered":"<p>Centrat sul caminament artistic d&#8217;Eric Fraj e ponctuat per d&#8217;estraits d\u2019un conc\u00e8rt amb lo guitarrista Morgan Astruc, aital coma d\u2019una performan\u00e7a amb lo po\u00e8ta Sergi Pey, aquel filme es l\u2019escasen\u00e7a d\u2019intrar dins l\u2019intimitat del cantaire, de parlar de sas originas familialas, de sos 50 ans de can\u00e7on, de sa relacion a la lenga occitana, de [&hellip;]<\/p>\n","protected":false},"featured_media":62707,"template":"","meta":{"_acf_changed":false,"_genesis_hide_title":false,"_genesis_hide_breadcrumbs":false,"_genesis_hide_singular_image":false,"_genesis_hide_footer_widgets":false,"_genesis_custom_body_class":"","_genesis_custom_post_class":"","_genesis_layout":""},"product_brand":[],"product_cat":[7248,7240],"product_tag":[],"class_list":{"0":"post-62702","1":"product","2":"type-product","3":"status-publish","4":"has-post-thumbnail","6":"product_cat-musica-literatura-oc","7":"product_cat-video-oc","8":"pa_auteur-lavaud-patrick-oc","9":"pa_editeur-les-nuits-atypiques-oc","10":"pa_langue-occitan-lengadocian-oc","11":"pa_langue-occitan-francais-oc","12":"entry","14":"first","15":"instock","16":"shipping-taxable","17":"purchasable","18":"product-type-simple"},"acf":[],"_links":{"self":[{"href":"https:\/\/www.libraria-occitana.org\/oc\/wp-json\/wp\/v2\/product\/62702","targetHints":{"allow":["GET"]}}],"collection":[{"href":"https:\/\/www.libraria-occitana.org\/oc\/wp-json\/wp\/v2\/product"}],"about":[{"href":"https:\/\/www.libraria-occitana.org\/oc\/wp-json\/wp\/v2\/types\/product"}],"wp:featuredmedia":[{"embeddable":true,"href":"https:\/\/www.libraria-occitana.org\/oc\/wp-json\/wp\/v2\/media\/62707"}],"wp:attachment":[{"href":"https:\/\/www.libraria-occitana.org\/oc\/wp-json\/wp\/v2\/media?parent=62702"}],"wp:term":[{"taxonomy":"product_brand","embeddable":true,"href":"https:\/\/www.libraria-occitana.org\/oc\/wp-json\/wp\/v2\/product_brand?post=62702"},{"taxonomy":"product_cat","embeddable":true,"href":"https:\/\/www.libraria-occitana.org\/oc\/wp-json\/wp\/v2\/product_cat?post=62702"},{"taxonomy":"product_tag","embeddable":true,"href":"https:\/\/www.libraria-occitana.org\/oc\/wp-json\/wp\/v2\/product_tag?post=62702"}],"curies":[{"name":"wp","href":"https:\/\/api.w.org\/{rel}","templated":true}]}}