{"id":63089,"date":"2019-01-13T11:07:09","date_gmt":"2019-01-13T10:07:09","guid":{"rendered":"https:\/\/www.libraria-occitana.org\/?post_type=product&#038;p=63089"},"modified":"2026-04-29T02:16:54","modified_gmt":"2026-04-29T00:16:54","slug":"manda-nissa-mediterranea-vinyle","status":"publish","type":"product","link":"https:\/\/www.libraria-occitana.org\/oc\/produch\/manda-nissa-mediterranea-vinyle\/","title":{"rendered":"Manda ! Nissa-Mediterranea (Vinyle)"},"content":{"rendered":"<p>\u00ab Manda ! Ils sont de retour ! C&#8217;est le 4\u00e8me album de Nux Vomica, le groupe qui n&#8217;a jamais la gueule de bois car ils connaissent tous les secrets de l&#8217;hom\u00e9opathie 15CH !<\/p>\n<p>Nux Vomica, groupe nissart et fier de l&#8217;\u00eatre, sort un nouvel album&#8230; Comme on tourne une nouvelle page de ce livre qui, depuis pr\u00e8s de 30 ans, raconte le quotidien de Nissa et de la Mediterranea.<\/p>\n<p>Ce livre musical, aux sonorit\u00e9s \u00e0 la fois acoustiques et \u00e9lectro, est un peu le recueil de nos traditions. Il est aussi la m\u00e9moire d\u2019un des quartiers les plus populaires de Nice : Saint-Roch. Il est enfin le t\u00e9moin de notre temps et de ses humeurs, au travers des tranches de vie que nous racontent en chanson Louis Pastorelli et sa bande. Ils sont les Nux Vomica, un bout du patrimoine local qui semble r\u00e9sister \u00e0 l\u2019usure du temps qui passe. Toujours aussi vivant et vivace. Toujours aussi engag\u00e9 et militant.<\/p>\n<p>C&#8217;est dub, c&#8217;est folk, c&#8217;est ni\u00e7ois ! \u00c7a salut les luttes, \u00e7a regarde les quartiers \u00e9voluer avec les b\u00e9tonneurs, \u00e7a rappelle qu&#8217;on a tous au moins 2 cultures (fran\u00e7aise, ni\u00e7oise, magr\u00e9bine, br\u00e9silienne&#8230;), \u00e7a bosse dans les quartiers et \u00e7a taquine le politique et les conos (c&#8217;est un pl\u00e9onasme non ? J&#8217;h\u00e9site&#8230; C&#8217;est une redondance en tout cas&#8230;).<br \/>\nAllez, lib\u00e9rez la b\u00eate, laissez le capitan Nissa vous raconter ce qu&#8217;il a rencontr\u00e9 en sauvant le monde et n&#8217;oubliez pas que tout ceci c&#8217;est de l&#8217;amour, de la lutte et que c&#8217;est vous. \u00bb<\/p>\n<p style=\"text-align: right;\">Nux Vomica<\/p>\n<p><strong>Titres :<\/strong><br \/>\n<strong>Face A<\/strong><br \/>\n1. Bala la (Louis Pastorelli) 3&#8217;15<br \/>\n2. Es jorn de festa (R\u00e9my Borgogno, Louis Pastorelli, Xavier Borriglione) 4&#8217;38<br \/>\n3. Oie Marie ! (Vincent Calassi, St\u00e9phane Durand, Louis Pastorelli) 3&#8217;19<br \/>\n4. Fai tira (R\u00e9my Borgogno, Louis Pastorelli) 3&#8217;22<br \/>\n5. Lo rompe bala dau matin (Louis Pastorelli) 2&#8217;48<\/p>\n<p><strong>Face B<\/strong><br \/>\n6. Mai n&#8217;i a (Louis Pastorelli) 4&#8242;<br \/>\n7. St Roch le retour (Louis Pastorelli) 3&#8217;17<br \/>\n8. Camarada fiorentini (Louis Pastorelli) 3&#8217;30<br \/>\n9. Moins d&#8217;argent (Dom Public. Arrangement : Louis Pastorelli, St\u00e9phane Durand) 2&#8217;59<br \/>\n10. Qu segue lo sublet (Xavier Borriglione, R\u00e9my Borgogno, Louis Pastorelli, St\u00e9phane Durand, C\u00e9dric Ledonne) 3&#8217;17<\/p>\n","protected":false},"excerpt":{"rendered":"<p>\u00ab Manda ! Ils sont de retour ! C&#8217;est le 4\u00e8me album de Nux Vomica, le groupe qui n&#8217;a jamais la gueule de bois car ils connaissent tous les secrets de l&#8217;hom\u00e9opathie 15CH ! Nux Vomica, groupe nissart et fier de l&#8217;\u00eatre, sort un nouvel album&#8230; Comme on tourne une nouvelle page de ce livre [&hellip;]<\/p>\n","protected":false},"featured_media":63086,"template":"","meta":{"_acf_changed":false,"_genesis_hide_title":false,"_genesis_hide_breadcrumbs":false,"_genesis_hide_singular_image":false,"_genesis_hide_footer_widgets":false,"_genesis_custom_body_class":"","_genesis_custom_post_class":"","_genesis_layout":""},"product_brand":[],"product_cat":[7235,16683],"product_tag":[],"class_list":{"0":"post-63089","1":"product","2":"type-product","3":"status-publish","4":"has-post-thumbnail","6":"product_cat-eska-reggae-dub-oc","7":"product_cat-musica-oc","8":"pa_editeur-nux-vomica-1-oc","9":"pa_langue-francais-oc","10":"pa_langue-occitan-oc","11":"pa_langue-occitan-provencau-oc","12":"entry","14":"first","15":"instock","16":"shipping-taxable","17":"purchasable","18":"product-type-simple"},"acf":[],"_links":{"self":[{"href":"https:\/\/www.libraria-occitana.org\/oc\/wp-json\/wp\/v2\/product\/63089","targetHints":{"allow":["GET"]}}],"collection":[{"href":"https:\/\/www.libraria-occitana.org\/oc\/wp-json\/wp\/v2\/product"}],"about":[{"href":"https:\/\/www.libraria-occitana.org\/oc\/wp-json\/wp\/v2\/types\/product"}],"wp:featuredmedia":[{"embeddable":true,"href":"https:\/\/www.libraria-occitana.org\/oc\/wp-json\/wp\/v2\/media\/63086"}],"wp:attachment":[{"href":"https:\/\/www.libraria-occitana.org\/oc\/wp-json\/wp\/v2\/media?parent=63089"}],"wp:term":[{"taxonomy":"product_brand","embeddable":true,"href":"https:\/\/www.libraria-occitana.org\/oc\/wp-json\/wp\/v2\/product_brand?post=63089"},{"taxonomy":"product_cat","embeddable":true,"href":"https:\/\/www.libraria-occitana.org\/oc\/wp-json\/wp\/v2\/product_cat?post=63089"},{"taxonomy":"product_tag","embeddable":true,"href":"https:\/\/www.libraria-occitana.org\/oc\/wp-json\/wp\/v2\/product_tag?post=63089"}],"curies":[{"name":"wp","href":"https:\/\/api.w.org\/{rel}","templated":true}]}}